{"id":5017,"date":"2020-10-19T09:57:18","date_gmt":"2020-10-19T07:57:18","guid":{"rendered":"https:\/\/www.tour-sa.com\/politica-de-redes\/"},"modified":"2020-10-19T11:07:27","modified_gmt":"2020-10-19T09:07:27","slug":"politica-de-xarxes","status":"publish","type":"page","link":"https:\/\/www.tour-sa.com\/ca\/politica-de-xarxes\/","title":{"rendered":"Pol\u00edtica de Xarxes Socials"},"content":{"rendered":"<p>[et_pb_section fb_built=&#8221;1&#8243; _builder_version=&#8221;3.22&#8243;][et_pb_row _builder_version=&#8221;3.25&#8243; background_size=&#8221;initial&#8221; background_position=&#8221;top_left&#8221; background_repeat=&#8221;repeat&#8221;][et_pb_column type=&#8221;4_4&#8243; _builder_version=&#8221;3.25&#8243; custom_padding=&#8221;|||&#8221; custom_padding__hover=&#8221;|||&#8221;][et_pb_text _builder_version=&#8221;4.5.2&#8243; background_size=&#8221;initial&#8221; background_position=&#8221;top_left&#8221; background_repeat=&#8221;repeat&#8221; text_orientation=&#8221;center&#8221; module_alignment=&#8221;center&#8221; use_border_color=&#8221;off&#8221; border_color=&#8221;#ffffff&#8221; border_style=&#8221;solid&#8221;]<\/p>\n<h1>Pol\u00edtica de Xarxes Socials<\/h1>\n<p>[\/et_pb_text][et_pb_text _builder_version=&#8221;4.5.2&#8243; background_size=&#8221;initial&#8221; background_position=&#8221;top_left&#8221; background_repeat=&#8221;repeat&#8221; hover_enabled=&#8221;0&#8243; use_border_color=&#8221;off&#8221;]<\/p>\n<p>En compliment de l&#8217;REGLAMENT (UE) 2016\/679, de 27 d&#8217;abril de 2016 el Parlament Europeu, i\u00a0de el\u00a0Consell relatiu a la protecci\u00f3 de les persones f\u00edsiques pel que fa\u00a0al\u00a0tractament de les seves dades personals, la Llei Org\u00e0nica 3\/2018, de 5 de desembre, de Protecci\u00f3 de Dades Personals i garantia dels drets digitals i la Llei 34\/2002,\u00a0d&#8217;11\u00a0de juliol, de Serveis de la Societat de la Informaci\u00f3 i de Comer\u00e7 Electr\u00f2nic (LSSI-CE), TOUR, SA informa els\u00a0usuaris, que ha procedit a crear un perfil a les xarxes socials amb la finalitat principal de publicitar els seus productes i serveis.<\/p>\n<p><strong>DADES DE TOUR, SA:<\/strong><br \/>A58030149<br \/>C\/ JOSEP PLA 78 &#8211; 08019 \u2013 BARCELONA <br \/><a href=\"mailto:toursa@tour-sa.com\">toursa@tour-sa.com<\/a><br \/><a href=\"https:\/\/www.tour-sa.com\">www.tour-sa.com<\/a><\/p>\n<p>L&#8217;usuari disposa d&#8217;un perfil a la mateixa Xarxa Social i ha decidit unir-se a la p\u00e0gina creada per TOUR, SA, mostrant aix\u00ed inter\u00e8s en la informaci\u00f3 que es publiciti a la Xarxa. En unir-se a la nostra p\u00e0gina, ens facilita el seu consentiment per al tractament d&#8217;aquelles dades personals publicades en el seu perfil.<\/p>\n<p>L&#8217;usuari, pot\u00a0accedir en tot moment a les pol\u00edtiques de privacitat de la\u00a0mateixa\u00a0Xarxa Social, aix\u00ed com configurar el seu perfil per garantir la seva privacitat.<\/p>\n<p>TOUR, SA t\u00e9 acc\u00e9s i tracta la informaci\u00f3 p\u00fablica de l&#8217;usuari, especialment, el seu nom de contacte. Aquestes dades, nom\u00e9s s\u00f3n utilitzats dins de la\u00a0mateixa\u00a0Xarxa Social i en cap cas s\u00f3n incorporades a cap fitxer, sense sol\u00b7licitar pr\u00e8viament el consentiment expr\u00e9s de l&#8217;interessat.<\/p>\n<p>Amb relaci\u00f3 als drets d&#8217;acc\u00e9s, rectificaci\u00f3, cancel\u00b7laci\u00f3 i oposici\u00f3, dels quals vost\u00e8 disposa i que poden ser exercits davant TOUR, SA, d&#8217;acord amb REGLAMENT (UE) 2016\/679, de 27 d&#8217;abril de 2016 el Parlament Europeu, ha de tenir en compte que, a causa de la\u00a0mateixa\u00a0funcionalitat de les xarxes socials, normalment ha d&#8217;exercir els seus drets davant la\u00a0mateixa\u00a0Xarxa Social.<\/p>\n<p>TOUR, SA realitzar\u00e0 les seg\u00fcents actuacions:<\/p>\n<ul>\n<li>Acc\u00e9s a la informaci\u00f3 p\u00fablica del perfil.<\/li>\n<li>Publicaci\u00f3 en el perfil de l&#8217;usuari de tota aquella informaci\u00f3 ja publicada a la p\u00e0gina de TOUR, SA.<\/li>\n<li>Enviar missatges personals i individuals a trav\u00e9s dels canals de la Xarxa Social.<\/li>\n<li>Actualitzacions de L&#8217;Estat de la p\u00e0gina que es publiquessin en el perfil de l&#8217;usuari.<\/li>\n<li>L&#8217;usuari sempre pot controlar les seves connexions, eliminar els continguts que deixin d&#8217;interessar-li i restringir amb qui comparteix les seves connexions, per a aix\u00f2 haur\u00e0 d&#8217;accedir a la seva configuraci\u00f3 de privacitat.\n<\/li>\n<\/ul>\n<h3>Dades de menors<\/h3>\n<p>L&#8217;acc\u00e9s i registre a aquesta xarxa social est\u00e0 prohibit per a menors de setze (16) anys. L&#8217;acc\u00e9s al lloc oficial de TOUR, SA est\u00e0 tamb\u00e9 prohibit per a menors de setze (16) anys. Per la seva banda, si l&#8217;usuari no compleix aquest requisit, TOUR, SA els informa de la necessitat de tenir l&#8217;autoritzaci\u00f3 dels seus pares, tutors o responsables legals per accedir i utilitzar el lloc oficial de TOUR, SA.<\/p>\n<p>TOUR, SA queda eximit de qualsevol responsabilitat derivada de l&#8217;\u00fas del seu lloc oficial per menors o usuaris que no compleixin els requisits pr\u00e8viament esmentats, sent, en qualsevol cas, els seus representants legals els \u00fanics responsables.<\/p>\n<h3>Publicacions<\/h3>\n<p>L&#8217;usuari, un cop unit a la p\u00e0gina de TOUR, SA, podr\u00e0 publicar en aquesta \u00faltima comentaris, enlla\u00e7os, imatges o fotografies o qualsevol altre tipus de contingut multim\u00e8dia suportat per la Xarxa Social. L&#8217;usuari, en tots els casos, ha de ser el titular\u00a0d&#8217;aquests, gaudir dels drets d&#8217;autor i de propietat intel\u00b7lectual o comptar amb el consentiment dels tercers afectats. Es prohibeix expressament qualsevol publicaci\u00f3 en la p\u00e0gina, ja siguin textos, gr\u00e0fics, fotografies, v\u00eddeos, etc. que atemptin o siguin susceptibles d&#8217;atemptar contra la moral, l&#8217;\u00e8tica, el bon gust o el dec\u00f2rum,\u00a0o\u00a0que infringeixin, violin o infringeixin els drets de propietat intel\u00b7lectual o industrial, el dret a la imatge o la Llei. En aquests casos,\u00a0TOUR, SA es reserva el dret a retirar immediatament el contingut, podent sol\u00b7licitar el bloqueig permanent de l&#8217;usuari.<\/p>\n<p>TOUR, SA no es far\u00e0 responsable dels continguts que lliurement ha publicat un usuari.<\/p>\n<p>L&#8217;usuari ha de tenir present que les seves publicacions seran conegudes pels altres usuaris, de manera que ell mateix \u00e9s el principal responsable de la seva privacitat.<\/p>\n<p>Les imatges es\u00a0puguin publicar en la p\u00e0gina no seran\u00a0emmagatzemades a cap fitxer per part de TOUR, SA, per\u00f2 s\u00ed que romandran a la Xarxa Social.<\/p>\n<h3>Concursos i promocions<\/h3>\n<p>TOUR, SA es reserva el dret a realitzar concursos i promocions, en els quals podr\u00e0 participar l&#8217;usuari unit a la seva p\u00e0gina. Les bases de cada un d&#8217;ells, quan s&#8217;utilitzi per a aix\u00f2 la plataforma de la Xarxa Social, seran publicades a aquesta. Complint sempre amb la LSSI-CE i amb qualsevol altra norma que li sigui d&#8217;aplicaci\u00f3.<\/p>\n<p>La Xarxa Social no patrocina, avala ni administra, de cap manera, cap de les nostres promocions, ni est\u00e0 associada a cap d&#8217;elles.<\/p>\n<h3>Publicitat<\/h3>\n<p>TOUR, SA utilitzar\u00e0 la Xarxa Social per publicitar els seus productes i serveis, en tot cas, si decideix tractar les seves dades de contacte per a realitzar accions directes de prospecci\u00f3 comercial, ser\u00e0 sempre, complint amb les exig\u00e8ncies legals de l&#8217;RGPD, de la\u00a0LOPDGDD\u00a0i de la LSSI-CE.<\/p>\n<p>No es considera publicitat el fet de recomanar a altres usuaris la p\u00e0gina de TOUR, SA perqu\u00e8 tamb\u00e9 ells puguin gaudir de les promocions o estar informats de la seva activitat.<\/p>\n<p>A continuaci\u00f3, detallem l&#8217;enlla\u00e7 a la pol\u00edtica de privacitat de la Xarxa Social:<\/p>\n<p>LinkedIn: <a href=\"https:\/\/www.linkedin.com\/legal\/privacy-policy?_l=es_ES\">https:\/\/www.linkedin.com\/legal\/privacy-policy?_l=es_ES<\/a><\/p>\n<p>[\/et_pb_text][\/et_pb_column][\/et_pb_row][\/et_pb_section]<\/p>\n","protected":false},"excerpt":{"rendered":"<p>[et_pb_section fb_built=&#8221;1&#8243; _builder_version=&#8221;3.22&#8243;][et_pb_row _builder_version=&#8221;3.25&#8243; background_size=&#8221;initial&#8221; background_position=&#8221;top_left&#8221; background_repeat=&#8221;repeat&#8221;][et_pb_column type=&#8221;4_4&#8243; _builder_version=&#8221;3.25&#8243; custom_padding=&#8221;|||&#8221; custom_padding__hover=&#8221;|||&#8221;][et_pb_text _builder_version=&#8221;4.5.2&#8243; background_size=&#8221;initial&#8221; background_position=&#8221;top_left&#8221; background_repeat=&#8221;repeat&#8221; text_orientation=&#8221;center&#8221; module_alignment=&#8221;center&#8221; use_border_color=&#8221;off&#8221; border_color=&#8221;#ffffff&#8221; border_style=&#8221;solid&#8221;] Pol\u00edtica de Xarxes Socials [\/et_pb_text][et_pb_text _builder_version=&#8221;4.5.2&#8243; background_size=&#8221;initial&#8221; background_position=&#8221;top_left&#8221; background_repeat=&#8221;repeat&#8221; hover_enabled=&#8221;0&#8243; use_border_color=&#8221;off&#8221;] En compliment de l&#8217;REGLAMENT (UE) 2016\/679, de 27 d&#8217;abril de 2016 el Parlament Europeu, i\u00a0de el\u00a0Consell relatiu a la protecci\u00f3 de les persones f\u00edsiques [&hellip;]<\/p>\n","protected":false},"author":1,"featured_media":5021,"parent":0,"menu_order":0,"comment_status":"closed","ping_status":"closed","template":"","meta":{"_et_pb_use_builder":"on","_et_pb_old_content":"","_et_gb_content_width":""},"yoast_head":"<!-- This site is optimized with the Yoast SEO plugin v18.4.1 - https:\/\/yoast.com\/wordpress\/plugins\/seo\/ -->\n<title>Pol\u00edtica de Xarxes Socials del web de Tour SA missatgers<\/title>\n<meta name=\"description\" content=\"Pol\u00edtica de xarxes socials del web de l&#039;empresa de missatgeria i log\u00edstica Tour SA. Volem ser transparents amb vosaltres.\" \/>\n<meta name=\"robots\" content=\"index, follow, max-snippet:-1, max-image-preview:large, max-video-preview:-1\" \/>\n<link rel=\"canonical\" href=\"https:\/\/www.tour-sa.com\/ca\/politica-de-xarxes\/\" \/>\n<meta property=\"og:locale\" content=\"ca_ES\" \/>\n<meta property=\"og:type\" content=\"article\" \/>\n<meta property=\"og:title\" content=\"Pol\u00edtica de Xarxes Socials del web de Tour SA missatgers\" \/>\n<meta property=\"og:description\" content=\"Pol\u00edtica de xarxes socials del web de l&#039;empresa de missatgeria i log\u00edstica Tour SA. Volem ser transparents amb vosaltres.\" \/>\n<meta property=\"og:url\" content=\"https:\/\/www.tour-sa.com\/ca\/politica-de-xarxes\/\" \/>\n<meta property=\"og:site_name\" content=\"Tour SA\" \/>\n<meta property=\"article:modified_time\" content=\"2020-10-19T09:07:27+00:00\" \/>\n<meta property=\"og:image\" content=\"https:\/\/www.tour-sa.com\/wp-content\/uploads\/2020\/10\/politica-xarxes.jpg\" \/>\n\t<meta property=\"og:image:width\" content=\"1200\" \/>\n\t<meta property=\"og:image:height\" content=\"628\" \/>\n\t<meta property=\"og:image:type\" content=\"image\/jpeg\" \/>\n<meta name=\"twitter:card\" content=\"summary\" \/>\n<meta name=\"twitter:title\" content=\"Pol\u00edtica de Xarxes Socials del web de Tour SA missatgers\" \/>\n<meta name=\"twitter:description\" content=\"Pol\u00edtica de xarxes socials del web de l&#039;empresa de missatgeria i log\u00edstica Tour SA. Volem ser transparents amb vosaltres.\" \/>\n<meta name=\"twitter:image\" content=\"https:\/\/www.tour-sa.com\/wp-content\/uploads\/2020\/10\/politica-xarxes.jpg\" \/>\n<meta name=\"twitter:label1\" content=\"Temps estimat de lectura\" \/>\n\t<meta name=\"twitter:data1\" content=\"5 minuts\" \/>\n<script type=\"application\/ld+json\" class=\"yoast-schema-graph\">{\"@context\":\"https:\/\/schema.org\",\"@graph\":[{\"@type\":\"Organization\",\"@id\":\"https:\/\/www.tour-sa.com\/#organization\",\"name\":\"Tour SA\",\"url\":\"https:\/\/www.tour-sa.com\/\",\"sameAs\":[],\"logo\":{\"@type\":\"ImageObject\",\"@id\":\"https:\/\/www.tour-sa.com\/#logo\",\"inLanguage\":\"ca\",\"url\":\"\",\"contentUrl\":\"\",\"caption\":\"Tour SA\"},\"image\":{\"@id\":\"https:\/\/www.tour-sa.com\/#logo\"}},{\"@type\":\"WebSite\",\"@id\":\"https:\/\/www.tour-sa.com\/#website\",\"url\":\"https:\/\/www.tour-sa.com\/\",\"name\":\"Tour SA\",\"description\":\"Missatgeria urgent, transport, log\u00edstica i distribuci\u00f3\",\"publisher\":{\"@id\":\"https:\/\/www.tour-sa.com\/#organization\"},\"potentialAction\":[{\"@type\":\"SearchAction\",\"target\":{\"@type\":\"EntryPoint\",\"urlTemplate\":\"https:\/\/www.tour-sa.com\/?s={search_term_string}\"},\"query-input\":\"required name=search_term_string\"}],\"inLanguage\":\"ca\"},{\"@type\":\"ImageObject\",\"@id\":\"https:\/\/www.tour-sa.com\/ca\/politica-de-xarxes\/#primaryimage\",\"inLanguage\":\"ca\",\"url\":\"https:\/\/www.tour-sa.com\/wp-content\/uploads\/2020\/10\/politica-xarxes.jpg\",\"contentUrl\":\"https:\/\/www.tour-sa.com\/wp-content\/uploads\/2020\/10\/politica-xarxes.jpg\",\"width\":1200,\"height\":628,\"caption\":\"pol\u00edtica de xarxes socials\"},{\"@type\":\"WebPage\",\"@id\":\"https:\/\/www.tour-sa.com\/ca\/politica-de-xarxes\/#webpage\",\"url\":\"https:\/\/www.tour-sa.com\/ca\/politica-de-xarxes\/\",\"name\":\"Pol\u00edtica de Xarxes Socials del web de Tour SA missatgers\",\"isPartOf\":{\"@id\":\"https:\/\/www.tour-sa.com\/#website\"},\"primaryImageOfPage\":{\"@id\":\"https:\/\/www.tour-sa.com\/ca\/politica-de-xarxes\/#primaryimage\"},\"datePublished\":\"2020-10-19T07:57:18+00:00\",\"dateModified\":\"2020-10-19T09:07:27+00:00\",\"description\":\"Pol\u00edtica de xarxes socials del web de l'empresa de missatgeria i log\u00edstica Tour SA. Volem ser transparents amb vosaltres.\",\"breadcrumb\":{\"@id\":\"https:\/\/www.tour-sa.com\/ca\/politica-de-xarxes\/#breadcrumb\"},\"inLanguage\":\"ca\",\"potentialAction\":[{\"@type\":\"ReadAction\",\"target\":[\"https:\/\/www.tour-sa.com\/ca\/politica-de-xarxes\/\"]}]},{\"@type\":\"BreadcrumbList\",\"@id\":\"https:\/\/www.tour-sa.com\/ca\/politica-de-xarxes\/#breadcrumb\",\"itemListElement\":[{\"@type\":\"ListItem\",\"position\":1,\"name\":\"Portada\",\"item\":\"https:\/\/www.tour-sa.com\/ca\/\"},{\"@type\":\"ListItem\",\"position\":2,\"name\":\"Pol\u00edtica de Xarxes Socials\"}]}]}<\/script>\n<!-- \/ Yoast SEO plugin. -->","yoast_head_json":{"title":"Pol\u00edtica de Xarxes Socials del web de Tour SA missatgers","description":"Pol\u00edtica de xarxes socials del web de l'empresa de missatgeria i log\u00edstica Tour SA. Volem ser transparents amb vosaltres.","robots":{"index":"index","follow":"follow","max-snippet":"max-snippet:-1","max-image-preview":"max-image-preview:large","max-video-preview":"max-video-preview:-1"},"canonical":"https:\/\/www.tour-sa.com\/ca\/politica-de-xarxes\/","og_locale":"ca_ES","og_type":"article","og_title":"Pol\u00edtica de Xarxes Socials del web de Tour SA missatgers","og_description":"Pol\u00edtica de xarxes socials del web de l'empresa de missatgeria i log\u00edstica Tour SA. Volem ser transparents amb vosaltres.","og_url":"https:\/\/www.tour-sa.com\/ca\/politica-de-xarxes\/","og_site_name":"Tour SA","article_modified_time":"2020-10-19T09:07:27+00:00","og_image":[{"width":1200,"height":628,"url":"https:\/\/www.tour-sa.com\/wp-content\/uploads\/2020\/10\/politica-xarxes.jpg","type":"image\/jpeg"}],"twitter_card":"summary","twitter_title":"Pol\u00edtica de Xarxes Socials del web de Tour SA missatgers","twitter_description":"Pol\u00edtica de xarxes socials del web de l'empresa de missatgeria i log\u00edstica Tour SA. Volem ser transparents amb vosaltres.","twitter_image":"https:\/\/www.tour-sa.com\/wp-content\/uploads\/2020\/10\/politica-xarxes.jpg","twitter_misc":{"Temps estimat de lectura":"5 minuts"},"schema":{"@context":"https:\/\/schema.org","@graph":[{"@type":"Organization","@id":"https:\/\/www.tour-sa.com\/#organization","name":"Tour SA","url":"https:\/\/www.tour-sa.com\/","sameAs":[],"logo":{"@type":"ImageObject","@id":"https:\/\/www.tour-sa.com\/#logo","inLanguage":"ca","url":"","contentUrl":"","caption":"Tour SA"},"image":{"@id":"https:\/\/www.tour-sa.com\/#logo"}},{"@type":"WebSite","@id":"https:\/\/www.tour-sa.com\/#website","url":"https:\/\/www.tour-sa.com\/","name":"Tour SA","description":"Missatgeria urgent, transport, log\u00edstica i distribuci\u00f3","publisher":{"@id":"https:\/\/www.tour-sa.com\/#organization"},"potentialAction":[{"@type":"SearchAction","target":{"@type":"EntryPoint","urlTemplate":"https:\/\/www.tour-sa.com\/?s={search_term_string}"},"query-input":"required name=search_term_string"}],"inLanguage":"ca"},{"@type":"ImageObject","@id":"https:\/\/www.tour-sa.com\/ca\/politica-de-xarxes\/#primaryimage","inLanguage":"ca","url":"https:\/\/www.tour-sa.com\/wp-content\/uploads\/2020\/10\/politica-xarxes.jpg","contentUrl":"https:\/\/www.tour-sa.com\/wp-content\/uploads\/2020\/10\/politica-xarxes.jpg","width":1200,"height":628,"caption":"pol\u00edtica de xarxes socials"},{"@type":"WebPage","@id":"https:\/\/www.tour-sa.com\/ca\/politica-de-xarxes\/#webpage","url":"https:\/\/www.tour-sa.com\/ca\/politica-de-xarxes\/","name":"Pol\u00edtica de Xarxes Socials del web de Tour SA missatgers","isPartOf":{"@id":"https:\/\/www.tour-sa.com\/#website"},"primaryImageOfPage":{"@id":"https:\/\/www.tour-sa.com\/ca\/politica-de-xarxes\/#primaryimage"},"datePublished":"2020-10-19T07:57:18+00:00","dateModified":"2020-10-19T09:07:27+00:00","description":"Pol\u00edtica de xarxes socials del web de l'empresa de missatgeria i log\u00edstica Tour SA. Volem ser transparents amb vosaltres.","breadcrumb":{"@id":"https:\/\/www.tour-sa.com\/ca\/politica-de-xarxes\/#breadcrumb"},"inLanguage":"ca","potentialAction":[{"@type":"ReadAction","target":["https:\/\/www.tour-sa.com\/ca\/politica-de-xarxes\/"]}]},{"@type":"BreadcrumbList","@id":"https:\/\/www.tour-sa.com\/ca\/politica-de-xarxes\/#breadcrumb","itemListElement":[{"@type":"ListItem","position":1,"name":"Portada","item":"https:\/\/www.tour-sa.com\/ca\/"},{"@type":"ListItem","position":2,"name":"Pol\u00edtica de Xarxes Socials"}]}]}},"_links":{"self":[{"href":"https:\/\/www.tour-sa.com\/ca\/wp-json\/wp\/v2\/pages\/5017"}],"collection":[{"href":"https:\/\/www.tour-sa.com\/ca\/wp-json\/wp\/v2\/pages"}],"about":[{"href":"https:\/\/www.tour-sa.com\/ca\/wp-json\/wp\/v2\/types\/page"}],"author":[{"embeddable":true,"href":"https:\/\/www.tour-sa.com\/ca\/wp-json\/wp\/v2\/users\/1"}],"replies":[{"embeddable":true,"href":"https:\/\/www.tour-sa.com\/ca\/wp-json\/wp\/v2\/comments?post=5017"}],"version-history":[{"count":0,"href":"https:\/\/www.tour-sa.com\/ca\/wp-json\/wp\/v2\/pages\/5017\/revisions"}],"wp:featuredmedia":[{"embeddable":true,"href":"https:\/\/www.tour-sa.com\/ca\/wp-json\/wp\/v2\/media\/5021"}],"wp:attachment":[{"href":"https:\/\/www.tour-sa.com\/ca\/wp-json\/wp\/v2\/media?parent=5017"}],"curies":[{"name":"wp","href":"https:\/\/api.w.org\/{rel}","templated":true}]}}