{"id":387,"date":"2016-05-02T11:53:52","date_gmt":"2016-05-02T11:53:52","guid":{"rendered":"http:\/\/proyectostesubi.com\/toursa\/delegaciones-2\/"},"modified":"2021-12-24T11:12:21","modified_gmt":"2021-12-24T10:12:21","slug":"delegacions","status":"publish","type":"page","link":"https:\/\/www.tour-sa.com\/ca\/delegacions\/","title":{"rendered":"Delegacions"},"content":{"rendered":"<p>[et_pb_section fb_built=&#8221;1&#8243; fullwidth=&#8221;on&#8221; admin_label=&#8221;Secci\u00f3n&#8221; _builder_version=&#8221;3.22&#8243;][et_pb_fullwidth_image src=&#8221;https:\/\/www.tour-sa.com\/wp-content\/uploads\/2020\/02\/delegacions-toursa.jpg&#8221; alt=&#8221;delegacions Tour SA&#8221; title_text=&#8221;delegacions Tour SA&#8221; admin_label=&#8221;Imagen de anchura completa&#8221; _builder_version=&#8221;4.0.9&#8243; custom_margin=&#8221;-100px|||&#8221; animation_style=&#8221;slide&#8221; animation_direction=&#8221;left&#8221; animation_duration=&#8221;500ms&#8221; animation_intensity_slide=&#8221;10%&#8221; animation=&#8221;left&#8221; use_border_color=&#8221;off&#8221; border_color=&#8221;#ffffff&#8221; border_style=&#8221;solid&#8221;][\/et_pb_fullwidth_image][\/et_pb_section][et_pb_section fb_built=&#8221;1&#8243; admin_label=&#8221;Secci\u00f3n&#8221; _builder_version=&#8221;3.22&#8243;][et_pb_row admin_label=&#8221;Fila&#8221; _builder_version=&#8221;3.25&#8243; background_size=&#8221;initial&#8221; background_position=&#8221;top_left&#8221; background_repeat=&#8221;repeat&#8221;][et_pb_column type=&#8221;4_4&#8243; _builder_version=&#8221;3.25&#8243; custom_padding=&#8221;|||&#8221; custom_padding__hover=&#8221;|||&#8221;][et_pb_text admin_label=&#8221;H1&#8243; _builder_version=&#8221;4.5.2&#8243; background_size=&#8221;initial&#8221; background_position=&#8221;top_left&#8221; background_repeat=&#8221;repeat&#8221; text_orientation=&#8221;center&#8221; module_alignment=&#8221;center&#8221; custom_margin_tablet=&#8221;&#8221; custom_margin_phone=&#8221;15px||||false|false&#8221; custom_margin_last_edited=&#8221;on|phone&#8221; use_border_color=&#8221;off&#8221; border_color=&#8221;#ffffff&#8221; border_style=&#8221;solid&#8221;]<\/p>\n<h1>Delegacions de Tour SA<\/h1>\n<p>Amb la finalitat d&#8217;arribar cada dia m\u00e9s lluny, en Tour SA comptem amb tres ubicacions a la prov\u00edncia de Barcelona. L&#8217;oficina central est\u00e0 situada a Barcelona, mentre que comptem amb dues delegacions m\u00e9s a Sabadell i Viladecans respectivament. D&#8217;aquesta manera podem oferir un servei complet de missatgeria urgent de la m\u00e0xima qualitat.<\/p>\n<p>[\/et_pb_text][\/et_pb_column][\/et_pb_row][et_pb_row column_structure=&#8221;1_3,1_3,1_3&#8243; admin_label=&#8221;Fila&#8221; _builder_version=&#8221;3.25&#8243; background_size=&#8221;initial&#8221; background_position=&#8221;top_left&#8221; background_repeat=&#8221;repeat&#8221;][et_pb_column type=&#8221;1_3&#8243; _builder_version=&#8221;3.25&#8243; custom_padding=&#8221;|||&#8221; custom_padding__hover=&#8221;|||&#8221;][et_pb_text admin_label=&#8221;Barcelona Josep Pla&#8221; _builder_version=&#8221;4.0.9&#8243; background_size=&#8221;initial&#8221; background_position=&#8221;top_left&#8221; background_repeat=&#8221;repeat&#8221; use_border_color=&#8221;off&#8221; border_color=&#8221;#ffffff&#8221; border_style=&#8221;solid&#8221;]<\/p>\n<h3 style=\"text-align: center;\">Delegaci\u00f3 de Barcelona<\/h3>\n<p style=\"text-align: center;\">C\/ Josep Pla, 78-80<br \/>\nTel.: <a href=\"tel:+34932240690\">+34 932 24 06 90<\/a><br \/>\nFax: +34 932 21 24 17<br \/>\n08019 \u2013 Barcelona \u2013 Espanya<\/p>\n<p>[\/et_pb_text][et_pb_code _builder_version=&#8221;4.0.9&#8243;]<\/p>\n<div class=\"map-responsive\"><!-- [et_pb_line_break_holder] --><iframe style=\"border: 0;\" src=\"https:\/\/www.google.com\/maps\/embed?pb=!1m18!1m12!1m3!1d2992.240994357417!2d2.209321315426555!3d41.41228697926188!2m3!1f0!2f0!3f0!3m2!1i1024!2i768!4f13.1!3m3!1m2!1s0x0%3A0x62acbb98b8d6cb9c!2sTour%20SA!5e0!3m2!1ses!2ses!4v1581523840958!5m2!1ses!2ses\" width=\"600\" height=\"450\" frameborder=\"0\" allowfullscreen=\"allowfullscreen\"><\/iframe><!-- [et_pb_line_break_holder] --><\/div>\n<p><!-- [et_pb_line_break_holder] -->[\/et_pb_code][\/et_pb_column][et_pb_column type=&#8221;1_3&#8243; _builder_version=&#8221;3.25&#8243; custom_padding=&#8221;|||&#8221; custom_padding__hover=&#8221;|||&#8221;][et_pb_text admin_label=&#8221;Vall\u00e8s Sabadell&#8221; _builder_version=&#8221;4.5.2&#8243; background_size=&#8221;initial&#8221; background_position=&#8221;top_left&#8221; background_repeat=&#8221;repeat&#8221; hover_enabled=&#8221;0&#8243; use_border_color=&#8221;off&#8221; border_color=&#8221;#ffffff&#8221; border_style=&#8221;solid&#8221;]<\/p>\n<h3 style=\"text-align: center;\">Delegaci\u00f3 del Vall\u00e8s<\/h3>\n<p style=\"text-align: center;\">C\/ Joaquin Costa 83<br \/>\nTel.: <a href=\"tel:+34937278570\">+34 937 27 85 70<\/a><br \/>\nFax: +34 937 27 70 16<br \/>\n08206 \u2013 Sabadell \u2013 Espanya<\/p>\n<p>[\/et_pb_text][et_pb_code _builder_version=&#8221;4.0.9&#8243;]<\/p>\n<div class=\"map-responsive\"><!-- [et_pb_line_break_holder] --><iframe style=\"border: 0;\" src=\"https:\/\/www.google.com\/maps\/embed?pb=!1m14!1m8!1m3!1d11944.803225783917!2d2.1036428!3d41.5432492!3m2!1i1024!2i768!4f13.1!3m3!1m2!1s0x0%3A0x6966b0df002b24d0!2sTour-SA%20Sabadell!5e0!3m2!1ses!2ses!4v1581524359019!5m2!1ses!2ses\" width=\"600\" height=\"450\" frameborder=\"0\" allowfullscreen=\"allowfullscreen\"><\/iframe><!-- [et_pb_line_break_holder] --><\/div>\n<p><!-- [et_pb_line_break_holder] --><!-- [et_pb_line_break_holder] -->[\/et_pb_code][\/et_pb_column][et_pb_column type=&#8221;1_3&#8243; _builder_version=&#8221;3.25&#8243; custom_padding=&#8221;|||&#8221; custom_padding__hover=&#8221;|||&#8221;][et_pb_text admin_label=&#8221;Baix Llobregat Viladecans&#8221; _builder_version=&#8221;4.0.9&#8243; background_size=&#8221;initial&#8221; background_position=&#8221;top_left&#8221; background_repeat=&#8221;repeat&#8221; use_border_color=&#8221;off&#8221; border_color=&#8221;#ffffff&#8221; border_style=&#8221;solid&#8221;]<\/p>\n<h3 style=\"text-align: center;\">Delegaci\u00f3 del Baix Llobregat<\/h3>\n<p style=\"text-align: center;\">Carrer de les parellades, 6<br \/>Tel.: <a href=\"tel:+34936473351\">+34 936 47 33 51<\/a><br \/>Fax: +34 932 21 24 17<br \/>08840 &#8211; Viladecans &#8211; Espanya<\/p>\n<p>[\/et_pb_text][et_pb_code _builder_version=&#8221;4.0.9&#8243;]<\/p>\n<div class=\"map-responsive\"><!-- [et_pb_line_break_holder] --><iframe src=\"https:\/\/www.google.com\/maps\/embed?pb=!1m18!1m12!1m3!1d2996.62613049783!2d2.0213573154235993!3d41.31699627927064!2m3!1f0!2f0!3f0!3m2!1i1024!2i768!4f13.1!3m3!1m2!1s0x0%3A0xa0aa2f651233027f!2sTourSA%20Viladecans!5e0!3m2!1ses!2ses!4v1581524445122!5m2!1ses!2ses\" width=\"600\" height=\"450\" frameborder=\"0\" style=\"border:0;\" allowfullscreen=\"\"><\/iframe><!-- [et_pb_line_break_holder] --><\/div>\n<p><!-- [et_pb_line_break_holder] --><!-- [et_pb_line_break_holder] -->[\/et_pb_code][\/et_pb_column][\/et_pb_row][\/et_pb_section][et_pb_section fb_built=&#8221;1&#8243; custom_padding_last_edited=&#8221;on|desktop&#8221; admin_label=&#8221;Secci\u00f3n&#8221; _builder_version=&#8221;4.0.9&#8243; background_enable_color=&#8221;off&#8221; custom_padding_tablet=&#8221;50px|0|50px|0&#8243; custom_padding_phone=&#8221;&#8221; transparent_background=&#8221;off&#8221; padding_mobile=&#8221;off&#8221; make_fullwidth=&#8221;off&#8221; use_custom_width=&#8221;off&#8221; width_unit=&#8221;on&#8221;][et_pb_row admin_label=&#8221;Fila&#8221; _builder_version=&#8221;3.25&#8243; background_size=&#8221;initial&#8221; background_position=&#8221;top_left&#8221; background_repeat=&#8221;repeat&#8221;][et_pb_column type=&#8221;4_4&#8243; _builder_version=&#8221;3.25&#8243; custom_padding=&#8221;|||&#8221; custom_padding__hover=&#8221;|||&#8221;][et_pb_text admin_label=&#8221;H2 + text&#8221; _builder_version=&#8221;4.0.9&#8243; header_2_font_size=&#8221;25px&#8221;]<\/p>\n<h2 style=\"text-align: center;\">Delegacions per a un servei de transport excel\u00b7lent<\/h2>\n<p style=\"text-align: center;\">A les nostres delegacions de transport de Barcelona trobar\u00e0s professionals preparats per atendre&#8217;t. El nostre primer objectiu \u00e9s oferir-te un servei de qualitat en tot moment. Per aquest motiu posem al teu abast delegacions totalment preparades per a l&#8217;atenci\u00f3 a client. Necessites un servei de transport o transport urgent a Barcelona, Catalunya o a nivell nacional?<\/p>\n<p>[\/et_pb_text][et_pb_button button_url=&#8221;https:\/\/www.tour-sa.com\/ca\/serveis-transport\/&#8221; button_text=&#8221;veure serveis&#8221; button_alignment=&#8221;center&#8221; _builder_version=&#8221;4.0.9&#8243;][\/et_pb_button][\/et_pb_column][\/et_pb_row][\/et_pb_section][et_pb_section fb_built=&#8221;1&#8243; custom_padding_last_edited=&#8221;on|desktop&#8221; admin_label=&#8221;Secci\u00f3n&#8221; _builder_version=&#8221;4.0.9&#8243; background_color=&#8221;#0052a5&#8243; custom_padding_tablet=&#8221;50px|0|50px|0&#8243; custom_padding_phone=&#8221;&#8221; transparent_background=&#8221;off&#8221; padding_mobile=&#8221;off&#8221; make_fullwidth=&#8221;off&#8221; use_custom_width=&#8221;off&#8221; width_unit=&#8221;on&#8221;][et_pb_row admin_label=&#8221;Fila&#8221; _builder_version=&#8221;3.25&#8243; background_size=&#8221;initial&#8221; background_position=&#8221;top_left&#8221; background_repeat=&#8221;repeat&#8221;][et_pb_column type=&#8221;4_4&#8243; _builder_version=&#8221;3.25&#8243; custom_padding=&#8221;|||&#8221; custom_padding__hover=&#8221;|||&#8221;][et_pb_cta title=&#8221;Necessites ajuda personalitzada?&#8221; button_url=&#8221;\/contacte&#8221; button_text=&#8221;demanar assessoria online&#8221; admin_label=&#8221;Llamada a la acci\u00f3n&#8221; _builder_version=&#8221;4.0.9&#8243; use_background_color=&#8221;off&#8221; background_size=&#8221;initial&#8221; background_position=&#8221;top_left&#8221; background_repeat=&#8221;repeat&#8221; use_border_color=&#8221;off&#8221; border_color=&#8221;#ffffff&#8221; border_style=&#8221;solid&#8221; button_letter_spacing_hover=&#8221;0&#8243; button_text_size__hover_enabled=&#8221;off&#8221; button_one_text_size__hover_enabled=&#8221;off&#8221; button_two_text_size__hover_enabled=&#8221;off&#8221; button_text_color__hover_enabled=&#8221;off&#8221; button_one_text_color__hover_enabled=&#8221;off&#8221; button_two_text_color__hover_enabled=&#8221;off&#8221; button_border_width__hover_enabled=&#8221;off&#8221; button_one_border_width__hover_enabled=&#8221;off&#8221; button_two_border_width__hover_enabled=&#8221;off&#8221; button_border_color__hover_enabled=&#8221;off&#8221; button_one_border_color__hover_enabled=&#8221;off&#8221; button_two_border_color__hover_enabled=&#8221;off&#8221; button_border_radius__hover_enabled=&#8221;off&#8221; button_one_border_radius__hover_enabled=&#8221;off&#8221; button_two_border_radius__hover_enabled=&#8221;off&#8221; button_letter_spacing__hover_enabled=&#8221;on&#8221; button_letter_spacing__hover=&#8221;0&#8243; button_one_letter_spacing__hover_enabled=&#8221;off&#8221; button_two_letter_spacing__hover_enabled=&#8221;off&#8221; button_bg_color__hover_enabled=&#8221;off&#8221; button_one_bg_color__hover_enabled=&#8221;off&#8221; button_two_bg_color__hover_enabled=&#8221;off&#8221;]<\/p>\n<p>A Tour SA volem brindar-te la millor experi\u00e8ncia. Davant qualsevol dubte o informaci\u00f3 addicional que necessitis, el nostre departament de suport podr\u00e0 ajudar-te sense cap mena de comprom\u00eds.<\/p>\n<p>[\/et_pb_cta][\/et_pb_column][\/et_pb_row][\/et_pb_section]<\/p>\n","protected":false},"excerpt":{"rendered":"<p>[et_pb_section fb_built=&#8221;1&#8243; fullwidth=&#8221;on&#8221; admin_label=&#8221;Secci\u00f3n&#8221; _builder_version=&#8221;3.22&#8243;][et_pb_fullwidth_image src=&#8221;https:\/\/www.tour-sa.com\/wp-content\/uploads\/2020\/02\/delegacions-toursa.jpg&#8221; alt=&#8221;delegacions Tour SA&#8221; title_text=&#8221;delegacions Tour SA&#8221; admin_label=&#8221;Imagen de anchura completa&#8221; _builder_version=&#8221;4.0.9&#8243; custom_margin=&#8221;-100px|||&#8221; animation_style=&#8221;slide&#8221; animation_direction=&#8221;left&#8221; animation_duration=&#8221;500ms&#8221; animation_intensity_slide=&#8221;10%&#8221; animation=&#8221;left&#8221; use_border_color=&#8221;off&#8221; border_color=&#8221;#ffffff&#8221; border_style=&#8221;solid&#8221;][\/et_pb_fullwidth_image][\/et_pb_section][et_pb_section fb_built=&#8221;1&#8243; admin_label=&#8221;Secci\u00f3n&#8221; _builder_version=&#8221;3.22&#8243;][et_pb_row admin_label=&#8221;Fila&#8221; _builder_version=&#8221;3.25&#8243; background_size=&#8221;initial&#8221; background_position=&#8221;top_left&#8221; background_repeat=&#8221;repeat&#8221;][et_pb_column type=&#8221;4_4&#8243; _builder_version=&#8221;3.25&#8243; custom_padding=&#8221;|||&#8221; custom_padding__hover=&#8221;|||&#8221;][et_pb_text admin_label=&#8221;H1&#8243; _builder_version=&#8221;4.5.2&#8243; background_size=&#8221;initial&#8221; background_position=&#8221;top_left&#8221; background_repeat=&#8221;repeat&#8221; text_orientation=&#8221;center&#8221; module_alignment=&#8221;center&#8221; custom_margin_tablet=&#8221;&#8221; custom_margin_phone=&#8221;15px||||false|false&#8221; custom_margin_last_edited=&#8221;on|phone&#8221; use_border_color=&#8221;off&#8221; border_color=&#8221;#ffffff&#8221; border_style=&#8221;solid&#8221;] Delegacions de Tour SA [&hellip;]<\/p>\n","protected":false},"author":1,"featured_media":2710,"parent":0,"menu_order":0,"comment_status":"closed","ping_status":"closed","template":"","meta":{"_et_pb_use_builder":"on","_et_pb_old_content":"","_et_gb_content_width":""},"yoast_head":"<!-- This site is optimized with the Yoast SEO plugin v18.4.1 - https:\/\/yoast.com\/wordpress\/plugins\/seo\/ -->\n<title>Delegacions i magatzem de paqueteria de Tour SA missatgers<\/title>\n<meta name=\"description\" content=\"Tour SA compta amb tres delegacions de missatgeria situades a la prov\u00edncia de Barcelona: Barcelona, Vall\u00e9s i tamb\u00e9 Viladecans.\" \/>\n<meta name=\"robots\" content=\"index, follow, max-snippet:-1, max-image-preview:large, max-video-preview:-1\" \/>\n<link rel=\"canonical\" href=\"https:\/\/www.tour-sa.com\/ca\/delegacions\/\" \/>\n<meta property=\"og:locale\" content=\"ca_ES\" \/>\n<meta property=\"og:type\" content=\"article\" \/>\n<meta property=\"og:title\" content=\"Delegacions i magatzem de paqueteria de Tour SA missatgers\" \/>\n<meta property=\"og:description\" content=\"Tour SA compta amb tres delegacions de missatgeria situades a la prov\u00edncia de Barcelona: Barcelona, Vall\u00e9s i tamb\u00e9 Viladecans.\" \/>\n<meta property=\"og:url\" content=\"https:\/\/www.tour-sa.com\/ca\/delegacions\/\" \/>\n<meta property=\"og:site_name\" content=\"Tour SA\" \/>\n<meta property=\"article:modified_time\" content=\"2021-12-24T10:12:21+00:00\" \/>\n<meta property=\"og:image\" content=\"https:\/\/www.tour-sa.com\/wp-content\/uploads\/2020\/02\/delegacions-missatgeria.jpg\" \/>\n\t<meta property=\"og:image:width\" content=\"1200\" \/>\n\t<meta property=\"og:image:height\" content=\"628\" \/>\n\t<meta property=\"og:image:type\" content=\"image\/jpeg\" \/>\n<meta name=\"twitter:card\" content=\"summary\" \/>\n<meta name=\"twitter:title\" content=\"Delegacions i magatzem de paqueteria de Tour SA missatgers\" \/>\n<meta name=\"twitter:description\" content=\"Tour SA compta amb tres delegacions de missatgeria situades a la prov\u00edncia de Barcelona: Barcelona, Vall\u00e9s i tamb\u00e9 Viladecans.\" \/>\n<meta name=\"twitter:image\" content=\"https:\/\/www.tour-sa.com\/wp-content\/uploads\/2020\/02\/delegacions-missatgeria.jpg\" \/>\n<meta name=\"twitter:label1\" content=\"Temps estimat de lectura\" \/>\n\t<meta name=\"twitter:data1\" content=\"5 minuts\" \/>\n<script type=\"application\/ld+json\" class=\"yoast-schema-graph\">{\"@context\":\"https:\/\/schema.org\",\"@graph\":[{\"@type\":\"Organization\",\"@id\":\"https:\/\/www.tour-sa.com\/#organization\",\"name\":\"Tour SA\",\"url\":\"https:\/\/www.tour-sa.com\/\",\"sameAs\":[],\"logo\":{\"@type\":\"ImageObject\",\"@id\":\"https:\/\/www.tour-sa.com\/#logo\",\"inLanguage\":\"ca\",\"url\":\"\",\"contentUrl\":\"\",\"caption\":\"Tour SA\"},\"image\":{\"@id\":\"https:\/\/www.tour-sa.com\/#logo\"}},{\"@type\":\"WebSite\",\"@id\":\"https:\/\/www.tour-sa.com\/#website\",\"url\":\"https:\/\/www.tour-sa.com\/\",\"name\":\"Tour SA\",\"description\":\"Missatgeria urgent, transport, log\u00edstica i distribuci\u00f3\",\"publisher\":{\"@id\":\"https:\/\/www.tour-sa.com\/#organization\"},\"potentialAction\":[{\"@type\":\"SearchAction\",\"target\":{\"@type\":\"EntryPoint\",\"urlTemplate\":\"https:\/\/www.tour-sa.com\/?s={search_term_string}\"},\"query-input\":\"required name=search_term_string\"}],\"inLanguage\":\"ca\"},{\"@type\":\"ImageObject\",\"@id\":\"https:\/\/www.tour-sa.com\/ca\/delegacions\/#primaryimage\",\"inLanguage\":\"ca\",\"url\":\"https:\/\/www.tour-sa.com\/wp-content\/uploads\/2020\/02\/delegacions-missatgeria.jpg\",\"contentUrl\":\"https:\/\/www.tour-sa.com\/wp-content\/uploads\/2020\/02\/delegacions-missatgeria.jpg\",\"width\":1200,\"height\":628,\"caption\":\"delegacions missatgeria\"},{\"@type\":\"WebPage\",\"@id\":\"https:\/\/www.tour-sa.com\/ca\/delegacions\/#webpage\",\"url\":\"https:\/\/www.tour-sa.com\/ca\/delegacions\/\",\"name\":\"Delegacions i magatzem de paqueteria de Tour SA missatgers\",\"isPartOf\":{\"@id\":\"https:\/\/www.tour-sa.com\/#website\"},\"primaryImageOfPage\":{\"@id\":\"https:\/\/www.tour-sa.com\/ca\/delegacions\/#primaryimage\"},\"datePublished\":\"2016-05-02T11:53:52+00:00\",\"dateModified\":\"2021-12-24T10:12:21+00:00\",\"description\":\"Tour SA compta amb tres delegacions de missatgeria situades a la prov\u00edncia de Barcelona: Barcelona, Vall\u00e9s i tamb\u00e9 Viladecans.\",\"breadcrumb\":{\"@id\":\"https:\/\/www.tour-sa.com\/ca\/delegacions\/#breadcrumb\"},\"inLanguage\":\"ca\",\"potentialAction\":[{\"@type\":\"ReadAction\",\"target\":[\"https:\/\/www.tour-sa.com\/ca\/delegacions\/\"]}]},{\"@type\":\"BreadcrumbList\",\"@id\":\"https:\/\/www.tour-sa.com\/ca\/delegacions\/#breadcrumb\",\"itemListElement\":[{\"@type\":\"ListItem\",\"position\":1,\"name\":\"Portada\",\"item\":\"https:\/\/www.tour-sa.com\/ca\/\"},{\"@type\":\"ListItem\",\"position\":2,\"name\":\"Delegacions\"}]}]}<\/script>\n<!-- \/ Yoast SEO plugin. -->","yoast_head_json":{"title":"Delegacions i magatzem de paqueteria de Tour SA missatgers","description":"Tour SA compta amb tres delegacions de missatgeria situades a la prov\u00edncia de Barcelona: Barcelona, Vall\u00e9s i tamb\u00e9 Viladecans.","robots":{"index":"index","follow":"follow","max-snippet":"max-snippet:-1","max-image-preview":"max-image-preview:large","max-video-preview":"max-video-preview:-1"},"canonical":"https:\/\/www.tour-sa.com\/ca\/delegacions\/","og_locale":"ca_ES","og_type":"article","og_title":"Delegacions i magatzem de paqueteria de Tour SA missatgers","og_description":"Tour SA compta amb tres delegacions de missatgeria situades a la prov\u00edncia de Barcelona: Barcelona, Vall\u00e9s i tamb\u00e9 Viladecans.","og_url":"https:\/\/www.tour-sa.com\/ca\/delegacions\/","og_site_name":"Tour SA","article_modified_time":"2021-12-24T10:12:21+00:00","og_image":[{"width":1200,"height":628,"url":"https:\/\/www.tour-sa.com\/wp-content\/uploads\/2020\/02\/delegacions-missatgeria.jpg","type":"image\/jpeg"}],"twitter_card":"summary","twitter_title":"Delegacions i magatzem de paqueteria de Tour SA missatgers","twitter_description":"Tour SA compta amb tres delegacions de missatgeria situades a la prov\u00edncia de Barcelona: Barcelona, Vall\u00e9s i tamb\u00e9 Viladecans.","twitter_image":"https:\/\/www.tour-sa.com\/wp-content\/uploads\/2020\/02\/delegacions-missatgeria.jpg","twitter_misc":{"Temps estimat de lectura":"5 minuts"},"schema":{"@context":"https:\/\/schema.org","@graph":[{"@type":"Organization","@id":"https:\/\/www.tour-sa.com\/#organization","name":"Tour SA","url":"https:\/\/www.tour-sa.com\/","sameAs":[],"logo":{"@type":"ImageObject","@id":"https:\/\/www.tour-sa.com\/#logo","inLanguage":"ca","url":"","contentUrl":"","caption":"Tour SA"},"image":{"@id":"https:\/\/www.tour-sa.com\/#logo"}},{"@type":"WebSite","@id":"https:\/\/www.tour-sa.com\/#website","url":"https:\/\/www.tour-sa.com\/","name":"Tour SA","description":"Missatgeria urgent, transport, log\u00edstica i distribuci\u00f3","publisher":{"@id":"https:\/\/www.tour-sa.com\/#organization"},"potentialAction":[{"@type":"SearchAction","target":{"@type":"EntryPoint","urlTemplate":"https:\/\/www.tour-sa.com\/?s={search_term_string}"},"query-input":"required name=search_term_string"}],"inLanguage":"ca"},{"@type":"ImageObject","@id":"https:\/\/www.tour-sa.com\/ca\/delegacions\/#primaryimage","inLanguage":"ca","url":"https:\/\/www.tour-sa.com\/wp-content\/uploads\/2020\/02\/delegacions-missatgeria.jpg","contentUrl":"https:\/\/www.tour-sa.com\/wp-content\/uploads\/2020\/02\/delegacions-missatgeria.jpg","width":1200,"height":628,"caption":"delegacions missatgeria"},{"@type":"WebPage","@id":"https:\/\/www.tour-sa.com\/ca\/delegacions\/#webpage","url":"https:\/\/www.tour-sa.com\/ca\/delegacions\/","name":"Delegacions i magatzem de paqueteria de Tour SA missatgers","isPartOf":{"@id":"https:\/\/www.tour-sa.com\/#website"},"primaryImageOfPage":{"@id":"https:\/\/www.tour-sa.com\/ca\/delegacions\/#primaryimage"},"datePublished":"2016-05-02T11:53:52+00:00","dateModified":"2021-12-24T10:12:21+00:00","description":"Tour SA compta amb tres delegacions de missatgeria situades a la prov\u00edncia de Barcelona: Barcelona, Vall\u00e9s i tamb\u00e9 Viladecans.","breadcrumb":{"@id":"https:\/\/www.tour-sa.com\/ca\/delegacions\/#breadcrumb"},"inLanguage":"ca","potentialAction":[{"@type":"ReadAction","target":["https:\/\/www.tour-sa.com\/ca\/delegacions\/"]}]},{"@type":"BreadcrumbList","@id":"https:\/\/www.tour-sa.com\/ca\/delegacions\/#breadcrumb","itemListElement":[{"@type":"ListItem","position":1,"name":"Portada","item":"https:\/\/www.tour-sa.com\/ca\/"},{"@type":"ListItem","position":2,"name":"Delegacions"}]}]}},"_links":{"self":[{"href":"https:\/\/www.tour-sa.com\/ca\/wp-json\/wp\/v2\/pages\/387"}],"collection":[{"href":"https:\/\/www.tour-sa.com\/ca\/wp-json\/wp\/v2\/pages"}],"about":[{"href":"https:\/\/www.tour-sa.com\/ca\/wp-json\/wp\/v2\/types\/page"}],"author":[{"embeddable":true,"href":"https:\/\/www.tour-sa.com\/ca\/wp-json\/wp\/v2\/users\/1"}],"replies":[{"embeddable":true,"href":"https:\/\/www.tour-sa.com\/ca\/wp-json\/wp\/v2\/comments?post=387"}],"version-history":[{"count":0,"href":"https:\/\/www.tour-sa.com\/ca\/wp-json\/wp\/v2\/pages\/387\/revisions"}],"wp:featuredmedia":[{"embeddable":true,"href":"https:\/\/www.tour-sa.com\/ca\/wp-json\/wp\/v2\/media\/2710"}],"wp:attachment":[{"href":"https:\/\/www.tour-sa.com\/ca\/wp-json\/wp\/v2\/media?parent=387"}],"curies":[{"name":"wp","href":"https:\/\/api.w.org\/{rel}","templated":true}]}}