{"id":380,"date":"2016-05-04T10:12:19","date_gmt":"2016-05-04T10:12:19","guid":{"rendered":"http:\/\/proyectostesubi.com\/toursa\/politica-de-gestion-2\/"},"modified":"2020-07-28T13:27:29","modified_gmt":"2020-07-28T11:27:29","slug":"politica-de-gestio","status":"publish","type":"page","link":"https:\/\/www.tour-sa.com\/ca\/politica-de-gestio\/","title":{"rendered":"Pol\u00edtica de Gesti\u00f3"},"content":{"rendered":"<p>[et_pb_section fb_built=&#8221;1&#8243; admin_label=&#8221;Secci\u00f3n&#8221; _builder_version=&#8221;3.22&#8243;][et_pb_row admin_label=&#8221;Fila&#8221; _builder_version=&#8221;3.25&#8243; background_size=&#8221;initial&#8221; background_position=&#8221;top_left&#8221; background_repeat=&#8221;repeat&#8221;][et_pb_column type=&#8221;4_4&#8243; _builder_version=&#8221;3.25&#8243; custom_padding=&#8221;|||&#8221; custom_padding__hover=&#8221;|||&#8221;][et_pb_text admin_label=&#8221;Texto&#8221; _builder_version=&#8221;3.27.4&#8243; background_size=&#8221;initial&#8221; background_position=&#8221;top_left&#8221; background_repeat=&#8221;repeat&#8221; text_orientation=&#8221;center&#8221; module_alignment=&#8221;center&#8221; use_border_color=&#8221;off&#8221; border_color=&#8221;#ffffff&#8221; border_style=&#8221;solid&#8221;]<\/p>\n<h1>Pol\u00edtica de Gesti\u00f3<\/h1>\n<p>[\/et_pb_text][et_pb_text admin_label=&#8221;Texto&#8221; _builder_version=&#8221;4.0.9&#8243; background_size=&#8221;initial&#8221; background_position=&#8221;top_left&#8221; background_repeat=&#8221;repeat&#8221; hover_enabled=&#8221;0&#8243; use_border_color=&#8221;off&#8221; border_color=&#8221;#ffffff&#8221; border_style=&#8221;solid&#8221;]<\/p>\n<p><strong>La Direcci\u00f3 de TOUR SA defineix la seva Pol\u00edtica del Sistema Integrat de Gesti\u00f3 (SIG) com a part integrant de la Pol\u00edtica general de TOUR SA i es compromet a complir, difondre i assegurar el seu compliment per part de tot el personal.<\/strong><\/p>\n<p>Com a forma d\u2019expressar el seu comprom\u00eds amb la qualitat, el medi ambient i la SST, el SIG d\u2019TOUR SA est\u00e0 basat en les normes UNE-EN-ISO 9001:2015 &#8220;<em>Sistemes de Gesti\u00f3 de la Qualitat &#8211; Requisits<\/em>&#8220;, la UNE-EN-ISO 14001:2015 \u201c<em>Sistemes de Gesti\u00f3 Ambiental \u2013 Requisits amb orientaci\u00f3 pel seu \u00fas\u201d<\/em> i la ISO 45001:2018 &#8220;<em>Sistemes de Gesti\u00f3 de la Seguretat i Salut en el Treball \u2013 Requisits amb orientaci\u00f3 pel seu \u00fas<\/em>&#8220;. Per confirmar que es compleixen els requisits d\u2019aquestes normes, de forma regular s\u2019efectua la revisi\u00f3 i certificaci\u00f3 de SIG per una Entitat Certificadora externa.<\/p>\n<p>La Pol\u00edtica del Sistema Integrat de TOUR SA compr\u00e8n totes les actuacions que s\u2019integren en el seu SIG , quedant definida de la forma seg\u00fcent:<\/p>\n<p>\u00a0<em>\u201cLa Direcci\u00f3 de TOUR S.A., empresa dedicada al transport i la distribuci\u00f3, estableix que els seg\u00fcents s\u00f3n els seus principis b\u00e0sics en mat\u00e8ria de QUALITAT, MEDI AMBIENT I SEGURETAT I SALUT EN EL TREBALL.<\/em><\/p>\n<p><i>TOUR S.A. t\u00e9 com a finalitat m\u00e9s important assolir la plena satisfacci\u00f3 dels seus clients, complint els requisits i les expectatives d\u2019aquests respecte a la qualitat dels serveis i atenci\u00f3 proporcionats, proporcionant condicions de treball segures i saludables per la\u00a0prevenci\u00f3 de lesions i deteriorament de la salut relacionada amb el treball dels nostres treballadors, aix\u00ed com el consum de recursos i l\u2019impacte ambiental que ocasionin les nostres activitats i aix\u00ed mateix es compromet en la prevenci\u00f3 dels danys i el deteriorament de la salut i a la prevenci\u00f3 de la contaminaci\u00f3 ambiental.<\/i><\/p>\n<p><em>Tot aix\u00f2 es far\u00e0 sota un absolut compliment de tota la legislaci\u00f3 vigent d\u2019aplicaci\u00f3 a les activitats de l\u2019empresa i en mat\u00e8ria Ambiental i de Seguretat i Salut en el Treball, aix\u00ed com el compliment d\u2019altres requisits que l\u2019organitzaci\u00f3 subscrigui. Tanmateix, l\u2019organitzaci\u00f3 desenvolupar\u00e0 les seves activitats sota el respecte i la col\u00b7laboraci\u00f3 amb les altres parts interessades involucrades en aquestes, especialment els prove\u00efdors o subcontractistes, i l\u2019entorn social circumdant. Tot aix\u00f2 es tradueix a fer de la marca TOUR S.A. un s\u00edmbol de qualitat, innovaci\u00f3 i exclusivitat que diferenci\u00ef a l\u2019empresa i li permeti aconseguir la m\u00e9s elevada posici\u00f3 en el mercat del transport.<\/em><\/p>\n<p><em>Per a aix\u00f2, l\u2019empresa ha decidit orientar-se cap a la millora cont\u00ednua del Sistema Integrat de Gesti\u00f3 i del seu acompliment, amb un enfocament participatiu de les persones que formen part de l\u2019organitzaci\u00f3 i les quals estan implicades amb la mateixa d\u2019alguna manera, fixant i complint objectius, i (en el seu cas) metes, que reflecteixin el progr\u00e9s en dita millora, minimitzin l\u2019impacte mediambiental, redueixin la contaminaci\u00f3, eliminin els perills i redueixin els riscos, de tal forma que garanteixin un desenvolupament sostenible i un entorn segur per als treballadors. Aix\u00f2 es dur\u00e0 a terme mitjan\u00e7ant l\u2019implantaci\u00f3 i manteniment d\u2019un Sistema Integrat de Gesti\u00f3 de la Qualitat, Ambiental i de la Seguretat i Salut en el Treball, sota els requisits de les normes internacionals ISO 9001, ISO 14001, i ISO 45001.<\/em><\/p>\n<p><em>TOUR S.A. es compromet a disposar de tots els mitjans adients (humans, t\u00e8cnics i econ\u00f2mics) per a garantir la consecuci\u00f3 de tots els objectius que puguin establir-se i a fomentar la consulta i participaci\u00f3 dels treballadors i dels representants dels treballadors. <\/em><\/p>\n<p><em>TOUR S.A. creu fonamental que totes les persones que formen part de l&#8217;organitzaci\u00f3, aix\u00ed com aquelles que no ho s\u00f3n, per\u00f2 l\u2019implicaci\u00f3 de la qual amb les seves activitats t\u00e9 un car\u00e0cter directe, han de compartir la cultura de l&#8217;empresa referent a la qualitat, el medi ambient i la seguretat i salut en el treball, pel que es compromet a posar els mitjans apropiats per a fer del seu treball&#8221; <\/em><\/p>\n<p><strong><em>\u201cUna veritable vocaci\u00f3 d&#8217;atenci\u00f3 al Client, protecci\u00f3 dels Treballadors, i respecte al Medi ambient<\/em>\u201d.<\/strong><\/p>\n<p>[\/et_pb_text][\/et_pb_column][\/et_pb_row][\/et_pb_section]<\/p>\n","protected":false},"excerpt":{"rendered":"<p>[et_pb_section fb_built=&#8221;1&#8243; admin_label=&#8221;Secci\u00f3n&#8221; _builder_version=&#8221;3.22&#8243;][et_pb_row admin_label=&#8221;Fila&#8221; _builder_version=&#8221;3.25&#8243; background_size=&#8221;initial&#8221; background_position=&#8221;top_left&#8221; background_repeat=&#8221;repeat&#8221;][et_pb_column type=&#8221;4_4&#8243; _builder_version=&#8221;3.25&#8243; custom_padding=&#8221;|||&#8221; custom_padding__hover=&#8221;|||&#8221;][et_pb_text admin_label=&#8221;Texto&#8221; _builder_version=&#8221;3.27.4&#8243; background_size=&#8221;initial&#8221; background_position=&#8221;top_left&#8221; background_repeat=&#8221;repeat&#8221; text_orientation=&#8221;center&#8221; module_alignment=&#8221;center&#8221; use_border_color=&#8221;off&#8221; border_color=&#8221;#ffffff&#8221; border_style=&#8221;solid&#8221;] Pol\u00edtica de Gesti\u00f3 [\/et_pb_text][et_pb_text admin_label=&#8221;Texto&#8221; _builder_version=&#8221;4.0.9&#8243; background_size=&#8221;initial&#8221; background_position=&#8221;top_left&#8221; background_repeat=&#8221;repeat&#8221; hover_enabled=&#8221;0&#8243; use_border_color=&#8221;off&#8221; border_color=&#8221;#ffffff&#8221; border_style=&#8221;solid&#8221;] La Direcci\u00f3 de TOUR SA defineix la seva Pol\u00edtica del Sistema Integrat de Gesti\u00f3 (SIG) com a part integrant [&hellip;]<\/p>\n","protected":false},"author":1,"featured_media":3529,"parent":0,"menu_order":0,"comment_status":"closed","ping_status":"closed","template":"","meta":{"_et_pb_use_builder":"on","_et_pb_old_content":"","_et_gb_content_width":""},"yoast_head":"<!-- This site is optimized with the Yoast SEO plugin v18.4.1 - https:\/\/yoast.com\/wordpress\/plugins\/seo\/ -->\n<title>Pol\u00edtica de gesti\u00f3 de Tour SA log\u00edstica i missatgeria<\/title>\n<meta name=\"description\" content=\"Benvingut a la nostra pol\u00edtica de gesti\u00f3 i responsabilitat. Reciclar i tenir cura del planeta \u00e9s part de la nostra obligaci\u00f3.\" \/>\n<meta name=\"robots\" content=\"index, follow, max-snippet:-1, max-image-preview:large, max-video-preview:-1\" \/>\n<link rel=\"canonical\" href=\"https:\/\/www.tour-sa.com\/ca\/politica-de-gestio\/\" \/>\n<meta property=\"og:locale\" content=\"ca_ES\" \/>\n<meta property=\"og:type\" content=\"article\" \/>\n<meta property=\"og:title\" content=\"Pol\u00edtica de gesti\u00f3 de Tour SA log\u00edstica i missatgeria\" \/>\n<meta property=\"og:description\" content=\"Benvingut a la nostra pol\u00edtica de gesti\u00f3 i responsabilitat. Reciclar i tenir cura del planeta \u00e9s part de la nostra obligaci\u00f3.\" \/>\n<meta property=\"og:url\" content=\"https:\/\/www.tour-sa.com\/ca\/politica-de-gestio\/\" \/>\n<meta property=\"og:site_name\" content=\"Tour SA\" \/>\n<meta property=\"article:modified_time\" content=\"2020-07-28T11:27:29+00:00\" \/>\n<meta property=\"og:image\" content=\"https:\/\/www.tour-sa.com\/wp-content\/uploads\/2020\/02\/politica-gestio.jpg\" \/>\n\t<meta property=\"og:image:width\" content=\"1200\" \/>\n\t<meta property=\"og:image:height\" content=\"628\" \/>\n\t<meta property=\"og:image:type\" content=\"image\/jpeg\" \/>\n<meta name=\"twitter:card\" content=\"summary\" \/>\n<meta name=\"twitter:title\" content=\"Pol\u00edtica de gesti\u00f3 de Tour SA log\u00edstica i missatgeria\" \/>\n<meta name=\"twitter:description\" content=\"Benvingut a la nostra pol\u00edtica de gesti\u00f3 i responsabilitat. Reciclar i tenir cura del planeta \u00e9s part de la nostra obligaci\u00f3.\" \/>\n<meta name=\"twitter:image\" content=\"https:\/\/www.tour-sa.com\/wp-content\/uploads\/2020\/02\/politica-gestio.jpg\" \/>\n<meta name=\"twitter:label1\" content=\"Temps estimat de lectura\" \/>\n\t<meta name=\"twitter:data1\" content=\"4 minuts\" \/>\n<script type=\"application\/ld+json\" class=\"yoast-schema-graph\">{\"@context\":\"https:\/\/schema.org\",\"@graph\":[{\"@type\":\"Organization\",\"@id\":\"https:\/\/www.tour-sa.com\/#organization\",\"name\":\"Tour SA\",\"url\":\"https:\/\/www.tour-sa.com\/\",\"sameAs\":[],\"logo\":{\"@type\":\"ImageObject\",\"@id\":\"https:\/\/www.tour-sa.com\/#logo\",\"inLanguage\":\"ca\",\"url\":\"\",\"contentUrl\":\"\",\"caption\":\"Tour SA\"},\"image\":{\"@id\":\"https:\/\/www.tour-sa.com\/#logo\"}},{\"@type\":\"WebSite\",\"@id\":\"https:\/\/www.tour-sa.com\/#website\",\"url\":\"https:\/\/www.tour-sa.com\/\",\"name\":\"Tour SA\",\"description\":\"Missatgeria urgent, transport, log\u00edstica i distribuci\u00f3\",\"publisher\":{\"@id\":\"https:\/\/www.tour-sa.com\/#organization\"},\"potentialAction\":[{\"@type\":\"SearchAction\",\"target\":{\"@type\":\"EntryPoint\",\"urlTemplate\":\"https:\/\/www.tour-sa.com\/?s={search_term_string}\"},\"query-input\":\"required name=search_term_string\"}],\"inLanguage\":\"ca\"},{\"@type\":\"ImageObject\",\"@id\":\"https:\/\/www.tour-sa.com\/ca\/politica-de-gestio\/#primaryimage\",\"inLanguage\":\"ca\",\"url\":\"https:\/\/www.tour-sa.com\/wp-content\/uploads\/2020\/02\/politica-gestio.jpg\",\"contentUrl\":\"https:\/\/www.tour-sa.com\/wp-content\/uploads\/2020\/02\/politica-gestio.jpg\",\"width\":1200,\"height\":628,\"caption\":\"pol\u00edtica de gesti\u00f3\"},{\"@type\":\"WebPage\",\"@id\":\"https:\/\/www.tour-sa.com\/ca\/politica-de-gestio\/#webpage\",\"url\":\"https:\/\/www.tour-sa.com\/ca\/politica-de-gestio\/\",\"name\":\"Pol\u00edtica de gesti\u00f3 de Tour SA log\u00edstica i missatgeria\",\"isPartOf\":{\"@id\":\"https:\/\/www.tour-sa.com\/#website\"},\"primaryImageOfPage\":{\"@id\":\"https:\/\/www.tour-sa.com\/ca\/politica-de-gestio\/#primaryimage\"},\"datePublished\":\"2016-05-04T10:12:19+00:00\",\"dateModified\":\"2020-07-28T11:27:29+00:00\",\"description\":\"Benvingut a la nostra pol\u00edtica de gesti\u00f3 i responsabilitat. Reciclar i tenir cura del planeta \u00e9s part de la nostra obligaci\u00f3.\",\"breadcrumb\":{\"@id\":\"https:\/\/www.tour-sa.com\/ca\/politica-de-gestio\/#breadcrumb\"},\"inLanguage\":\"ca\",\"potentialAction\":[{\"@type\":\"ReadAction\",\"target\":[\"https:\/\/www.tour-sa.com\/ca\/politica-de-gestio\/\"]}]},{\"@type\":\"BreadcrumbList\",\"@id\":\"https:\/\/www.tour-sa.com\/ca\/politica-de-gestio\/#breadcrumb\",\"itemListElement\":[{\"@type\":\"ListItem\",\"position\":1,\"name\":\"Portada\",\"item\":\"https:\/\/www.tour-sa.com\/ca\/\"},{\"@type\":\"ListItem\",\"position\":2,\"name\":\"Pol\u00edtica de Gesti\u00f3\"}]}]}<\/script>\n<!-- \/ Yoast SEO plugin. -->","yoast_head_json":{"title":"Pol\u00edtica de gesti\u00f3 de Tour SA log\u00edstica i missatgeria","description":"Benvingut a la nostra pol\u00edtica de gesti\u00f3 i responsabilitat. Reciclar i tenir cura del planeta \u00e9s part de la nostra obligaci\u00f3.","robots":{"index":"index","follow":"follow","max-snippet":"max-snippet:-1","max-image-preview":"max-image-preview:large","max-video-preview":"max-video-preview:-1"},"canonical":"https:\/\/www.tour-sa.com\/ca\/politica-de-gestio\/","og_locale":"ca_ES","og_type":"article","og_title":"Pol\u00edtica de gesti\u00f3 de Tour SA log\u00edstica i missatgeria","og_description":"Benvingut a la nostra pol\u00edtica de gesti\u00f3 i responsabilitat. Reciclar i tenir cura del planeta \u00e9s part de la nostra obligaci\u00f3.","og_url":"https:\/\/www.tour-sa.com\/ca\/politica-de-gestio\/","og_site_name":"Tour SA","article_modified_time":"2020-07-28T11:27:29+00:00","og_image":[{"width":1200,"height":628,"url":"https:\/\/www.tour-sa.com\/wp-content\/uploads\/2020\/02\/politica-gestio.jpg","type":"image\/jpeg"}],"twitter_card":"summary","twitter_title":"Pol\u00edtica de gesti\u00f3 de Tour SA log\u00edstica i missatgeria","twitter_description":"Benvingut a la nostra pol\u00edtica de gesti\u00f3 i responsabilitat. Reciclar i tenir cura del planeta \u00e9s part de la nostra obligaci\u00f3.","twitter_image":"https:\/\/www.tour-sa.com\/wp-content\/uploads\/2020\/02\/politica-gestio.jpg","twitter_misc":{"Temps estimat de lectura":"4 minuts"},"schema":{"@context":"https:\/\/schema.org","@graph":[{"@type":"Organization","@id":"https:\/\/www.tour-sa.com\/#organization","name":"Tour SA","url":"https:\/\/www.tour-sa.com\/","sameAs":[],"logo":{"@type":"ImageObject","@id":"https:\/\/www.tour-sa.com\/#logo","inLanguage":"ca","url":"","contentUrl":"","caption":"Tour SA"},"image":{"@id":"https:\/\/www.tour-sa.com\/#logo"}},{"@type":"WebSite","@id":"https:\/\/www.tour-sa.com\/#website","url":"https:\/\/www.tour-sa.com\/","name":"Tour SA","description":"Missatgeria urgent, transport, log\u00edstica i distribuci\u00f3","publisher":{"@id":"https:\/\/www.tour-sa.com\/#organization"},"potentialAction":[{"@type":"SearchAction","target":{"@type":"EntryPoint","urlTemplate":"https:\/\/www.tour-sa.com\/?s={search_term_string}"},"query-input":"required name=search_term_string"}],"inLanguage":"ca"},{"@type":"ImageObject","@id":"https:\/\/www.tour-sa.com\/ca\/politica-de-gestio\/#primaryimage","inLanguage":"ca","url":"https:\/\/www.tour-sa.com\/wp-content\/uploads\/2020\/02\/politica-gestio.jpg","contentUrl":"https:\/\/www.tour-sa.com\/wp-content\/uploads\/2020\/02\/politica-gestio.jpg","width":1200,"height":628,"caption":"pol\u00edtica de gesti\u00f3"},{"@type":"WebPage","@id":"https:\/\/www.tour-sa.com\/ca\/politica-de-gestio\/#webpage","url":"https:\/\/www.tour-sa.com\/ca\/politica-de-gestio\/","name":"Pol\u00edtica de gesti\u00f3 de Tour SA log\u00edstica i missatgeria","isPartOf":{"@id":"https:\/\/www.tour-sa.com\/#website"},"primaryImageOfPage":{"@id":"https:\/\/www.tour-sa.com\/ca\/politica-de-gestio\/#primaryimage"},"datePublished":"2016-05-04T10:12:19+00:00","dateModified":"2020-07-28T11:27:29+00:00","description":"Benvingut a la nostra pol\u00edtica de gesti\u00f3 i responsabilitat. Reciclar i tenir cura del planeta \u00e9s part de la nostra obligaci\u00f3.","breadcrumb":{"@id":"https:\/\/www.tour-sa.com\/ca\/politica-de-gestio\/#breadcrumb"},"inLanguage":"ca","potentialAction":[{"@type":"ReadAction","target":["https:\/\/www.tour-sa.com\/ca\/politica-de-gestio\/"]}]},{"@type":"BreadcrumbList","@id":"https:\/\/www.tour-sa.com\/ca\/politica-de-gestio\/#breadcrumb","itemListElement":[{"@type":"ListItem","position":1,"name":"Portada","item":"https:\/\/www.tour-sa.com\/ca\/"},{"@type":"ListItem","position":2,"name":"Pol\u00edtica de Gesti\u00f3"}]}]}},"_links":{"self":[{"href":"https:\/\/www.tour-sa.com\/ca\/wp-json\/wp\/v2\/pages\/380"}],"collection":[{"href":"https:\/\/www.tour-sa.com\/ca\/wp-json\/wp\/v2\/pages"}],"about":[{"href":"https:\/\/www.tour-sa.com\/ca\/wp-json\/wp\/v2\/types\/page"}],"author":[{"embeddable":true,"href":"https:\/\/www.tour-sa.com\/ca\/wp-json\/wp\/v2\/users\/1"}],"replies":[{"embeddable":true,"href":"https:\/\/www.tour-sa.com\/ca\/wp-json\/wp\/v2\/comments?post=380"}],"version-history":[{"count":0,"href":"https:\/\/www.tour-sa.com\/ca\/wp-json\/wp\/v2\/pages\/380\/revisions"}],"wp:featuredmedia":[{"embeddable":true,"href":"https:\/\/www.tour-sa.com\/ca\/wp-json\/wp\/v2\/media\/3529"}],"wp:attachment":[{"href":"https:\/\/www.tour-sa.com\/ca\/wp-json\/wp\/v2\/media?parent=380"}],"curies":[{"name":"wp","href":"https:\/\/api.w.org\/{rel}","templated":true}]}}