{"id":2443,"date":"2017-06-07T10:25:35","date_gmt":"2017-06-07T10:25:35","guid":{"rendered":"https:\/\/www.tour-sa.com\/aviso-legal\/"},"modified":"2020-02-26T16:51:44","modified_gmt":"2020-02-26T15:51:44","slug":"avis-legal","status":"publish","type":"page","link":"https:\/\/www.tour-sa.com\/ca\/avis-legal\/","title":{"rendered":"Av\u00eds Legal"},"content":{"rendered":"<p>[et_pb_section fb_built=&#8221;1&#8243; _builder_version=&#8221;3.22&#8243;][et_pb_row _builder_version=&#8221;3.25&#8243; background_size=&#8221;initial&#8221; background_position=&#8221;top_left&#8221; background_repeat=&#8221;repeat&#8221;][et_pb_column type=&#8221;4_4&#8243; _builder_version=&#8221;3.25&#8243; custom_padding=&#8221;|||&#8221; custom_padding__hover=&#8221;|||&#8221;][et_pb_text _builder_version=&#8221;4.0.9&#8243; background_size=&#8221;initial&#8221; background_position=&#8221;top_left&#8221; background_repeat=&#8221;repeat&#8221; text_orientation=&#8221;center&#8221; module_alignment=&#8221;center&#8221; use_border_color=&#8221;off&#8221; border_color=&#8221;#ffffff&#8221; border_style=&#8221;solid&#8221;]<\/p>\n<h1>Av\u00eds Legal<\/h1>\n<p>[\/et_pb_text][et_pb_text _builder_version=&#8221;4.0.9&#8243; background_size=&#8221;initial&#8221; background_position=&#8221;top_left&#8221; background_repeat=&#8221;repeat&#8221; use_border_color=&#8221;off&#8221;]<\/p>\n<ol>\n<li><strong>OBJECTE<\/strong><\/li>\n<\/ol>\n<p>El present av\u00eds legal regula l&#8217;\u00fas i utilitzaci\u00f3 del lloc web <a href=\"https:\/\/www.tour-sa.com\/ca\/\">www.tour-sa.com<\/a>, de qu\u00e8 \u00e9s titular TOUR, SA (d&#8217;ara endavant, EL PROPIETARI DE LA WEB).<\/p>\n<p>La navegaci\u00f3 pel lloc web del PROPIETARI DE LA WEB li atribueix la condici\u00f3 d&#8217;USUARI d&#8217;ell mateix i comporta la seva acceptaci\u00f3 plena i sense reserves de totes i cadascuna de les condicions publicades en aquest av\u00eds legal, advertint que aquestes condicions poden ser modificades sense notificaci\u00f3 pr\u00e8via per part del PROPIETARI DE LA WEB, en aquest cas es procedir\u00e0 a la seva publicaci\u00f3 i av\u00eds amb la m\u00e0xima antelaci\u00f3 possible.<\/p>\n<p>Per aix\u00f2 \u00e9s recomanable llegir amb atenci\u00f3 el contingut en cas de desitjar accedir i fer \u00fas de la informaci\u00f3 i dels serveis oferts des d&#8217;aquest lloc web.<\/p>\n<p>L&#8217;usuari a m\u00e9s, s&#8217;obliga a fer un \u00fas correcte de la p\u00e0gina web de conformitat amb les lleis, la bona fe, l&#8217;ordre p\u00fablic, els usos del\u00a0tr\u00e0nsit\u00a0i el present Av\u00eds Legal, i respondr\u00e0 davant EL PROPIETARI DE LA WEB o davant de tercers, de\u00a0qualsevol danys\u00a0i perjudicis que poguessin causar\u00a0com a conseq\u00fc\u00e8ncia\u00a0de l&#8217;incompliment d&#8217;aquesta obligaci\u00f3.<\/p>\n<p>Qualsevol utilitzaci\u00f3 diferent de l&#8217;autoritzada est\u00e0 expressament prohibida, i pot EL PROPIETARI DE LA WEB denegar o retirar l&#8217;acc\u00e9s i el seu \u00fas en qualsevol moment.<\/p>\n<ol start=\"2\">\n<li><strong>IDENTIFICACI\u00d3<\/strong><\/li>\n<\/ol>\n<p>EL PROPIETARI DE LA WEB, en compliment de la Llei 34\/2002, d&#8217;11 de juliol, de Serveis de la Societat de la Informaci\u00f3 i de Comer\u00e7 Electr\u00f2nic, l&#8217;informa que:<\/p>\n<ul>\n<li>La seva denominaci\u00f3 social \u00e9s: TOUR, SA<\/li>\n<li>El seu CIF \u00e9s: A58030149<\/li>\n<li>El seu domicili social \u00e9s a: C \/ JOSEP PLA 78-08.019 &#8211; BARCELONA<\/li>\n<li>Registre Mercantil de BARCELONA T 44159,\u00a0F172, S 8, H B 22452\n<\/li>\n<\/ul>\n<ol start=\"3\">\n<li><strong>COMUNICACIONS<\/strong><\/li>\n<\/ol>\n<p>Per comunicar-se amb nosaltres, posem a la seva disposici\u00f3 diferents mitjans de contacte que detallem a continuaci\u00f3:<\/p>\n<ul>\n<li>Tel: 932240690<\/li>\n<li>E-mail: <a href=\"mailto:toursa@tour-sa.com\">toursa@tour-sa.com<\/a><\/li>\n<\/ul>\n<p>Totes les notificacions i comunicacions entre els usuaris i PROPIETARI DE LA WEB es consideraran efica\u00e7os, a tots els efectes, quan es realitzin a trav\u00e9s de qualsevol mitj\u00e0 dels detallats anteriorment.<\/p>\n<ol start=\"4\">\n<li><strong>CONDICIONS D&#8217;ACC\u00c9S I UTILITZACI\u00d3<\/strong><\/li>\n<\/ol>\n<p>El lloc web i els seus serveis s\u00f3n d&#8217;acc\u00e9s lliure i gratu\u00eft. No obstant aix\u00f2, PROPIETARI DE LA WEB pot condicionar la utilitzaci\u00f3 d&#8217;alguns dels serveis oferts a la seva web al previ ompliment del corresponent formulari.<\/p>\n<p>L&#8217;usuari garanteix l&#8217;autenticitat i actualitat de totes aquelles dades que comuniqui a PROPIETARI DE LA WEB i ser\u00e0 l&#8217;\u00fanic responsable de les manifestacions falses o inexactes que realitzi.<\/p>\n<p>L&#8217;usuari es compromet expressament a fer un \u00fas adequat dels continguts i serveis del PROPIETARI DE LA WEB i a no emprar-los per, entre d&#8217;altres:<\/p>\n<ol>\n<li>Difondre continguts delictius, violents, pornogr\u00e0fics, racistes, xen\u00f2fobs, ofensius, d&#8217;apologia de terrorisme o, en general, contraris a la llei o a l&#8217;ordre p\u00fablic.<\/li>\n<li>Introduir a la xarxa virus inform\u00e0tics o realitzar actuacions susceptibles d&#8217;alterar, espatllar, interrompre o generar errors o danys en els documents electr\u00f2nics, dades o sistemes f\u00edsics i l\u00f2gics de PROPIETARI DE LA WEB o de terceres persones; aix\u00ed com obstaculitzar l&#8217;acc\u00e9s d&#8217;altres usuaris a la p\u00e0gina web i als seus serveis mitjan\u00e7ant el consum massiu dels recursos inform\u00e0tics a trav\u00e9s dels quals PROPIETARI DE LA WEB presta els seus serveis.<\/li>\n<li>Intentar accedir als comptes de correu electr\u00f2nic d&#8217;altres usuaris o \u00e0rees restringides dels sistemes inform\u00e0tics de PROPIETARI DE LA WEB o de tercers i, si s&#8217;escau, extreure informaci\u00f3.<\/li>\n<li>Vulnerar els drets de propietat intel\u00b7lectual o industrial, aix\u00ed com violar la confidencialitat de la informaci\u00f3 de PROPIETARI DE LA WEB o de tercers.<\/li>\n<li>Suplantar la identitat de qualsevol altre usuari.<\/li>\n<li>Reproduir, copiar, distribuir, posar a disposici\u00f3 de, o qualsevol altra forma de comunicaci\u00f3 p\u00fablica, transformar o modificar els continguts, llevat que es compti amb l&#8217;autoritzaci\u00f3 del titular dels corresponents drets o aix\u00f2 resulti legalment perm\u00e8s.<\/li>\n<li>Demanar dades amb finalitat publicit\u00e0ria i de remetre publicitat de qualsevol classe i comunicacions amb fins de venda o altres de naturalesa comercial sense que n&#8217;hi hagi la pr\u00e8via sol\u00b7licitud o consentiment.<\/li>\n<\/ol>\n<p>Tots els continguts del lloc web, com ara textos, fotografies, gr\u00e0fics, imatges, icones, tecnologia, programari, aix\u00ed com el seu disseny gr\u00e0fic i codis font, constitueixen una obra la propietat pertany a PROPIETARI DE LA WEB, sense que puguin entendre cedits a l&#8217;usuari cap dels drets d&#8217;explotaci\u00f3 sobre els mateixos m\u00e9s enll\u00e0 de l&#8217;estrictament necessari per al correcte \u00fas del web.<\/p>\n<p>En definitiva, els usuaris que accedeixin a aquest lloc web poden visualitzar els continguts i efectuar, si escau, c\u00f2pies privades autoritzades sempre que els elements reprodu\u00efts no siguin cedits posteriorment a tercers, ni s&#8217;instal\u00b7lin a servidors connectats a xarxes, ni siguin objecte de cap mena d&#8217;explotaci\u00f3.<\/p>\n<p>Aix\u00ed mateix, totes les marques, noms comercials o signes distintius de qualsevol classe que apareixen al lloc web s\u00f3n propietat de PROPIETARI DE LA WEB, sense que pugui entendre que l&#8217;\u00fas o acc\u00e9s a la mateixa atribueixi a l&#8217;usuari cap dret sobre aquests.<\/p>\n<p>La distribuci\u00f3, modificaci\u00f3, cessi\u00f3 o comunicaci\u00f3 p\u00fablica dels continguts i qualsevol altre acte que no hagi estat expressament autoritzat pel titular dels drets d&#8217;explotaci\u00f3 queden prohibits.<\/p>\n<p>L&#8217;establiment d&#8217;un hiperenlla\u00e7 no implica en cap cas l&#8217;exist\u00e8ncia de relacions entre PROPIETARI DE LA WEB i el propietari del lloc web en la qual s&#8217;estableixi, ni l&#8217;acceptaci\u00f3 i aprovaci\u00f3 per part de PROPIETARI DE LA WEB dels seus continguts o serveis.<\/p>\n<p>PROPIETARI DE LA WEB no es responsabilitza de l&#8217;\u00fas que cada usuari li doni als materials posats a disposici\u00f3 en aquest lloc web ni de les actuacions que realitzi en base a aquests.<\/p>\n<ul>\n<li>EXCLUSI\u00d3 DE GARANTIES I DE RESPONSABILITAT EN L&#8217;ACC\u00c9S I LA UTILITZACI\u00d3<\/li>\n<\/ul>\n<p>El contingut d&#8217;aquest lloc web \u00e9s de car\u00e0cter general i t\u00e9 una finalitat merament informativa, sense que es garanteixi plenament l&#8217;acc\u00e9s a tots els continguts, ni la seva exhaustivitat, correcci\u00f3, vig\u00e8ncia o actualitat, ni la seva idone\u00eftat o utilitat per a un objectiu espec\u00edfic.<\/p>\n<p>PROPIETARI DE LA WEB exclou, fins on permet l&#8217;ordenament jur\u00eddic, qualsevol responsabilitat pels danys i perjudicis de tota naturalesa derivats de:<\/p>\n<ol>\n<li>La impossibilitat d&#8217;acc\u00e9s a la p\u00e0gina web o la falta de veracitat, exactitud, exhaustivitat i \/ o actualitat dels continguts, aix\u00ed com l&#8217;exist\u00e8ncia de vicis i defectes de tota classe dels continguts transmesos, difosos, emmagatzemats, posats a disposici\u00f3, als que s&#8217;hagi accedit a trav\u00e9s del lloc web o dels serveis que s&#8217;ofereixen.<\/li>\n<li>La pres\u00e8ncia de virus o d&#8217;altres elements en els continguts que puguin produir alteracions en els sistemes inform\u00e0tics, documents electr\u00f2nics o dades dels usuaris.<\/li>\n<li>L&#8217;incompliment de les lleis, la bona fe, l&#8217;ordre p\u00fablic, els usos del tr\u00e0nsit i el present av\u00eds legal a conseq\u00fc\u00e8ncia de l&#8217;\u00fas incorrecte del lloc web. En particular, i a manera d&#8217;exemple, PROPIETARI DE LA WEB no es fa responsable de les actuacions de tercers que vulnerin drets de propietat intel\u00b7lectual i industrial, secrets empresarials, drets a l&#8217;honor, a la intimitat personal i familiar i a la pr\u00f2pia imatge, aix\u00ed com la normativa en mat\u00e8ria de compet\u00e8ncia deslleial i publicitat il\u00b7l\u00edcita.<\/li>\n<\/ol>\n<p>Aix\u00ed mateix, PROPIETARI DE LA WEB declina qualsevol responsabilitat respecte a la informaci\u00f3 que es trobi fora d&#8217;aquesta web i no sigui gestionada directament pel nostre webmaster. La funci\u00f3 dels links que apareixen en aquesta web \u00e9s exclusivament la d&#8217;informar a l&#8217;usuari sobre l&#8217;exist\u00e8ncia d&#8217;altres fonts susceptibles d&#8217;ampliar els continguts que ofereix aquest lloc web. PROPIETARI DE LA WEB no garanteix ni es responsabilitza del funcionament o accessibilitat dels llocs enlla\u00e7ats; ni suggereix, convida o recomana la visita a aquests, de manera que tampoc ser\u00e0 responsable del resultat obtingut. PROPIETARI DE LA WEB no es responsabilitza de l&#8217;establiment d&#8217;hipervincles per part de tercers.<\/p>\n<ul>\n<li>PROCEDIMENT EN CAS DE REALITZACI\u00d3 D&#8217;ACTIVITATS DE CAR\u00c0CTER IL\u00b7L\u00cdCIT<\/li>\n<\/ul>\n<p>En el cas que qualsevol usuari o un tercer consideri que existeixen fets o circumst\u00e0ncies que revelin el car\u00e0cter il\u00b7l\u00edcit de la utilitzaci\u00f3 de qualsevol contingut i \/ o de la realitzaci\u00f3 de qualsevol activitat en les p\u00e0gines web incloses o accessibles a trav\u00e9s del lloc web, haur\u00e0 d&#8217; enviar una notificaci\u00f3 al PROPIETARI DE LA WEB identificant-se degudament i especificant les suposades infraccions.<\/p>\n<ul>\n<li>PUBLICACIONS<\/li>\n<\/ul>\n<p>La informaci\u00f3 administrativa facilitada a trav\u00e9s del lloc web no substitueix la publicitat legal de les lleis, normatives, plans, disposicions generals i actes que hagin de ser publicats formalment als diaris oficials de les administracions p\u00fabliques, que constitueixen l&#8217;\u00fanic instrument que d\u00f3na fe de la seva autenticitat i contingut. La informaci\u00f3 disponible en aquest lloc web s&#8217;ha d&#8217;entendre com una guia sense prop\u00f2sit de validesa legal.<\/p>\n<ol start=\"5\">\n<li><strong>LEGISLACI\u00d3 APLICABLE<\/strong><\/li>\n<\/ol>\n<p>Les condicions presents es regiran per la legislaci\u00f3 espanyola vigent.<\/p>\n<p>La llengua utilitzada ser\u00e0 el Castell\u00e0.<\/p>\n<p>[\/et_pb_text][\/et_pb_column][\/et_pb_row][\/et_pb_section]<\/p>\n","protected":false},"excerpt":{"rendered":"<p>[et_pb_section fb_built=&#8221;1&#8243; _builder_version=&#8221;3.22&#8243;][et_pb_row _builder_version=&#8221;3.25&#8243; background_size=&#8221;initial&#8221; background_position=&#8221;top_left&#8221; background_repeat=&#8221;repeat&#8221;][et_pb_column type=&#8221;4_4&#8243; _builder_version=&#8221;3.25&#8243; custom_padding=&#8221;|||&#8221; custom_padding__hover=&#8221;|||&#8221;][et_pb_text _builder_version=&#8221;4.0.9&#8243; background_size=&#8221;initial&#8221; background_position=&#8221;top_left&#8221; background_repeat=&#8221;repeat&#8221; text_orientation=&#8221;center&#8221; module_alignment=&#8221;center&#8221; use_border_color=&#8221;off&#8221; border_color=&#8221;#ffffff&#8221; border_style=&#8221;solid&#8221;] Av\u00eds Legal [\/et_pb_text][et_pb_text _builder_version=&#8221;4.0.9&#8243; background_size=&#8221;initial&#8221; background_position=&#8221;top_left&#8221; background_repeat=&#8221;repeat&#8221; use_border_color=&#8221;off&#8221;] OBJECTE El present av\u00eds legal regula l&#8217;\u00fas i utilitzaci\u00f3 del lloc web www.tour-sa.com, de qu\u00e8 \u00e9s titular TOUR, SA (d&#8217;ara endavant, EL PROPIETARI DE LA WEB). La [&hellip;]<\/p>\n","protected":false},"author":1,"featured_media":3497,"parent":0,"menu_order":0,"comment_status":"closed","ping_status":"closed","template":"","meta":{"_et_pb_use_builder":"on","_et_pb_old_content":"","_et_gb_content_width":""},"yoast_head":"<!-- This site is optimized with the Yoast SEO plugin v18.4.1 - https:\/\/yoast.com\/wordpress\/plugins\/seo\/ -->\n<title>Av\u00eds legal de la web de Tour SA missatgeria i log\u00edstica<\/title>\n<meta name=\"description\" content=\"Revisa l&#039;av\u00eds legal del web de Tour SA missatgers. Som una empresa de transport, missatgeria i log\u00edstica a Barcelona ciutat.\" \/>\n<meta name=\"robots\" content=\"index, follow, max-snippet:-1, max-image-preview:large, max-video-preview:-1\" \/>\n<link rel=\"canonical\" href=\"https:\/\/www.tour-sa.com\/ca\/avis-legal\/\" \/>\n<meta property=\"og:locale\" content=\"ca_ES\" \/>\n<meta property=\"og:type\" content=\"article\" \/>\n<meta property=\"og:title\" content=\"Av\u00eds legal de la web de Tour SA missatgeria i log\u00edstica\" \/>\n<meta property=\"og:description\" content=\"Revisa l&#039;av\u00eds legal del web de Tour SA missatgers. Som una empresa de transport, missatgeria i log\u00edstica a Barcelona ciutat.\" \/>\n<meta property=\"og:url\" content=\"https:\/\/www.tour-sa.com\/ca\/avis-legal\/\" \/>\n<meta property=\"og:site_name\" content=\"Tour SA\" \/>\n<meta property=\"article:modified_time\" content=\"2020-02-26T15:51:44+00:00\" \/>\n<meta property=\"og:image\" content=\"https:\/\/www.tour-sa.com\/wp-content\/uploads\/2020\/02\/avis-legal.jpg\" \/>\n\t<meta property=\"og:image:width\" content=\"1200\" \/>\n\t<meta property=\"og:image:height\" content=\"628\" \/>\n\t<meta property=\"og:image:type\" content=\"image\/jpeg\" \/>\n<meta name=\"twitter:card\" content=\"summary\" \/>\n<meta name=\"twitter:title\" content=\"Av\u00eds legal de la web de Tour SA missatgeria i log\u00edstica\" \/>\n<meta name=\"twitter:description\" content=\"Revisa l&#039;av\u00eds legal del web de Tour SA missatgers. Som una empresa de transport, missatgeria i log\u00edstica a Barcelona ciutat.\" \/>\n<meta name=\"twitter:image\" content=\"https:\/\/www.tour-sa.com\/wp-content\/uploads\/2020\/02\/avis-legal.jpg\" \/>\n<meta name=\"twitter:label1\" content=\"Temps estimat de lectura\" \/>\n\t<meta name=\"twitter:data1\" content=\"8 minuts\" \/>\n<script type=\"application\/ld+json\" class=\"yoast-schema-graph\">{\"@context\":\"https:\/\/schema.org\",\"@graph\":[{\"@type\":\"Organization\",\"@id\":\"https:\/\/www.tour-sa.com\/#organization\",\"name\":\"Tour SA\",\"url\":\"https:\/\/www.tour-sa.com\/\",\"sameAs\":[],\"logo\":{\"@type\":\"ImageObject\",\"@id\":\"https:\/\/www.tour-sa.com\/#logo\",\"inLanguage\":\"ca\",\"url\":\"\",\"contentUrl\":\"\",\"caption\":\"Tour SA\"},\"image\":{\"@id\":\"https:\/\/www.tour-sa.com\/#logo\"}},{\"@type\":\"WebSite\",\"@id\":\"https:\/\/www.tour-sa.com\/#website\",\"url\":\"https:\/\/www.tour-sa.com\/\",\"name\":\"Tour SA\",\"description\":\"Missatgeria urgent, transport, log\u00edstica i distribuci\u00f3\",\"publisher\":{\"@id\":\"https:\/\/www.tour-sa.com\/#organization\"},\"potentialAction\":[{\"@type\":\"SearchAction\",\"target\":{\"@type\":\"EntryPoint\",\"urlTemplate\":\"https:\/\/www.tour-sa.com\/?s={search_term_string}\"},\"query-input\":\"required name=search_term_string\"}],\"inLanguage\":\"ca\"},{\"@type\":\"ImageObject\",\"@id\":\"https:\/\/www.tour-sa.com\/ca\/avis-legal\/#primaryimage\",\"inLanguage\":\"ca\",\"url\":\"https:\/\/www.tour-sa.com\/wp-content\/uploads\/2020\/02\/avis-legal.jpg\",\"contentUrl\":\"https:\/\/www.tour-sa.com\/wp-content\/uploads\/2020\/02\/avis-legal.jpg\",\"width\":1200,\"height\":628,\"caption\":\"av\u00eds legal\"},{\"@type\":\"WebPage\",\"@id\":\"https:\/\/www.tour-sa.com\/ca\/avis-legal\/#webpage\",\"url\":\"https:\/\/www.tour-sa.com\/ca\/avis-legal\/\",\"name\":\"Av\u00eds legal de la web de Tour SA missatgeria i log\u00edstica\",\"isPartOf\":{\"@id\":\"https:\/\/www.tour-sa.com\/#website\"},\"primaryImageOfPage\":{\"@id\":\"https:\/\/www.tour-sa.com\/ca\/avis-legal\/#primaryimage\"},\"datePublished\":\"2017-06-07T10:25:35+00:00\",\"dateModified\":\"2020-02-26T15:51:44+00:00\",\"description\":\"Revisa l'av\u00eds legal del web de Tour SA missatgers. Som una empresa de transport, missatgeria i log\u00edstica a Barcelona ciutat.\",\"breadcrumb\":{\"@id\":\"https:\/\/www.tour-sa.com\/ca\/avis-legal\/#breadcrumb\"},\"inLanguage\":\"ca\",\"potentialAction\":[{\"@type\":\"ReadAction\",\"target\":[\"https:\/\/www.tour-sa.com\/ca\/avis-legal\/\"]}]},{\"@type\":\"BreadcrumbList\",\"@id\":\"https:\/\/www.tour-sa.com\/ca\/avis-legal\/#breadcrumb\",\"itemListElement\":[{\"@type\":\"ListItem\",\"position\":1,\"name\":\"Portada\",\"item\":\"https:\/\/www.tour-sa.com\/ca\/\"},{\"@type\":\"ListItem\",\"position\":2,\"name\":\"Av\u00eds Legal\"}]}]}<\/script>\n<!-- \/ Yoast SEO plugin. -->","yoast_head_json":{"title":"Av\u00eds legal de la web de Tour SA missatgeria i log\u00edstica","description":"Revisa l'av\u00eds legal del web de Tour SA missatgers. Som una empresa de transport, missatgeria i log\u00edstica a Barcelona ciutat.","robots":{"index":"index","follow":"follow","max-snippet":"max-snippet:-1","max-image-preview":"max-image-preview:large","max-video-preview":"max-video-preview:-1"},"canonical":"https:\/\/www.tour-sa.com\/ca\/avis-legal\/","og_locale":"ca_ES","og_type":"article","og_title":"Av\u00eds legal de la web de Tour SA missatgeria i log\u00edstica","og_description":"Revisa l'av\u00eds legal del web de Tour SA missatgers. Som una empresa de transport, missatgeria i log\u00edstica a Barcelona ciutat.","og_url":"https:\/\/www.tour-sa.com\/ca\/avis-legal\/","og_site_name":"Tour SA","article_modified_time":"2020-02-26T15:51:44+00:00","og_image":[{"width":1200,"height":628,"url":"https:\/\/www.tour-sa.com\/wp-content\/uploads\/2020\/02\/avis-legal.jpg","type":"image\/jpeg"}],"twitter_card":"summary","twitter_title":"Av\u00eds legal de la web de Tour SA missatgeria i log\u00edstica","twitter_description":"Revisa l'av\u00eds legal del web de Tour SA missatgers. Som una empresa de transport, missatgeria i log\u00edstica a Barcelona ciutat.","twitter_image":"https:\/\/www.tour-sa.com\/wp-content\/uploads\/2020\/02\/avis-legal.jpg","twitter_misc":{"Temps estimat de lectura":"8 minuts"},"schema":{"@context":"https:\/\/schema.org","@graph":[{"@type":"Organization","@id":"https:\/\/www.tour-sa.com\/#organization","name":"Tour SA","url":"https:\/\/www.tour-sa.com\/","sameAs":[],"logo":{"@type":"ImageObject","@id":"https:\/\/www.tour-sa.com\/#logo","inLanguage":"ca","url":"","contentUrl":"","caption":"Tour SA"},"image":{"@id":"https:\/\/www.tour-sa.com\/#logo"}},{"@type":"WebSite","@id":"https:\/\/www.tour-sa.com\/#website","url":"https:\/\/www.tour-sa.com\/","name":"Tour SA","description":"Missatgeria urgent, transport, log\u00edstica i distribuci\u00f3","publisher":{"@id":"https:\/\/www.tour-sa.com\/#organization"},"potentialAction":[{"@type":"SearchAction","target":{"@type":"EntryPoint","urlTemplate":"https:\/\/www.tour-sa.com\/?s={search_term_string}"},"query-input":"required name=search_term_string"}],"inLanguage":"ca"},{"@type":"ImageObject","@id":"https:\/\/www.tour-sa.com\/ca\/avis-legal\/#primaryimage","inLanguage":"ca","url":"https:\/\/www.tour-sa.com\/wp-content\/uploads\/2020\/02\/avis-legal.jpg","contentUrl":"https:\/\/www.tour-sa.com\/wp-content\/uploads\/2020\/02\/avis-legal.jpg","width":1200,"height":628,"caption":"av\u00eds legal"},{"@type":"WebPage","@id":"https:\/\/www.tour-sa.com\/ca\/avis-legal\/#webpage","url":"https:\/\/www.tour-sa.com\/ca\/avis-legal\/","name":"Av\u00eds legal de la web de Tour SA missatgeria i log\u00edstica","isPartOf":{"@id":"https:\/\/www.tour-sa.com\/#website"},"primaryImageOfPage":{"@id":"https:\/\/www.tour-sa.com\/ca\/avis-legal\/#primaryimage"},"datePublished":"2017-06-07T10:25:35+00:00","dateModified":"2020-02-26T15:51:44+00:00","description":"Revisa l'av\u00eds legal del web de Tour SA missatgers. Som una empresa de transport, missatgeria i log\u00edstica a Barcelona ciutat.","breadcrumb":{"@id":"https:\/\/www.tour-sa.com\/ca\/avis-legal\/#breadcrumb"},"inLanguage":"ca","potentialAction":[{"@type":"ReadAction","target":["https:\/\/www.tour-sa.com\/ca\/avis-legal\/"]}]},{"@type":"BreadcrumbList","@id":"https:\/\/www.tour-sa.com\/ca\/avis-legal\/#breadcrumb","itemListElement":[{"@type":"ListItem","position":1,"name":"Portada","item":"https:\/\/www.tour-sa.com\/ca\/"},{"@type":"ListItem","position":2,"name":"Av\u00eds Legal"}]}]}},"_links":{"self":[{"href":"https:\/\/www.tour-sa.com\/ca\/wp-json\/wp\/v2\/pages\/2443"}],"collection":[{"href":"https:\/\/www.tour-sa.com\/ca\/wp-json\/wp\/v2\/pages"}],"about":[{"href":"https:\/\/www.tour-sa.com\/ca\/wp-json\/wp\/v2\/types\/page"}],"author":[{"embeddable":true,"href":"https:\/\/www.tour-sa.com\/ca\/wp-json\/wp\/v2\/users\/1"}],"replies":[{"embeddable":true,"href":"https:\/\/www.tour-sa.com\/ca\/wp-json\/wp\/v2\/comments?post=2443"}],"version-history":[{"count":0,"href":"https:\/\/www.tour-sa.com\/ca\/wp-json\/wp\/v2\/pages\/2443\/revisions"}],"wp:featuredmedia":[{"embeddable":true,"href":"https:\/\/www.tour-sa.com\/ca\/wp-json\/wp\/v2\/media\/3497"}],"wp:attachment":[{"href":"https:\/\/www.tour-sa.com\/ca\/wp-json\/wp\/v2\/media?parent=2443"}],"curies":[{"name":"wp","href":"https:\/\/api.w.org\/{rel}","templated":true}]}}