{"id":2432,"date":"2017-06-07T11:48:16","date_gmt":"2017-06-07T11:48:16","guid":{"rendered":"https:\/\/www.tour-sa.com\/politica-de-privacidad\/"},"modified":"2020-02-26T17:15:28","modified_gmt":"2020-02-26T16:15:28","slug":"politica-de-privacitat","status":"publish","type":"page","link":"https:\/\/www.tour-sa.com\/ca\/politica-de-privacitat\/","title":{"rendered":"Politica de Privacitat"},"content":{"rendered":"<p>[et_pb_section fb_built=&#8221;1&#8243; _builder_version=&#8221;3.22&#8243;][et_pb_row _builder_version=&#8221;3.25&#8243; background_size=&#8221;initial&#8221; background_position=&#8221;top_left&#8221; background_repeat=&#8221;repeat&#8221;][et_pb_column type=&#8221;4_4&#8243; _builder_version=&#8221;3.25&#8243; custom_padding=&#8221;|||&#8221; custom_padding__hover=&#8221;|||&#8221;][et_pb_text _builder_version=&#8221;4.0.9&#8243; background_size=&#8221;initial&#8221; background_position=&#8221;top_left&#8221; background_repeat=&#8221;repeat&#8221; text_orientation=&#8221;center&#8221; module_alignment=&#8221;center&#8221; use_border_color=&#8221;off&#8221; border_color=&#8221;#ffffff&#8221; border_style=&#8221;solid&#8221;]<\/p>\n<h1>Pol\u00edtica de Privacitat<\/h1>\n<p>[\/et_pb_text][et_pb_text _builder_version=&#8221;4.0.9&#8243; background_size=&#8221;initial&#8221; background_position=&#8221;top_left&#8221; background_repeat=&#8221;repeat&#8221; use_border_color=&#8221;off&#8221;]<\/p>\n<p>En TOUR, SA ens preocupem per la privacitat i la transpar\u00e8ncia.<br \/>A continuaci\u00f3, us expliquem en detall els tractaments de dades personals que realitzem, aix\u00ed com tota la informaci\u00f3 relativa a aquests.<\/p>\n<h3>Informaci\u00f3 completa sobre Protecci\u00f3 de Dades<\/h3>\n<ol>\n<li><strong>Qui \u00e9s el responsable del tractament de les seves dades?<\/strong><\/li>\n<\/ol>\n<p>TOUR, SA.<br \/>A58030149.<br \/>C\/ JOSEP PLA 78 &#8211; 08019 &#8211; BARCELONA.<br \/>932240690.<br \/><a href=\"mailto:toursa@tour-sa.com\">toursa@tour-sa.com.<\/a><\/p>\n<ol start=\"2\">\n<li><strong>Amb quina finalitat tractem les seves dades personals?<\/strong><\/li>\n<\/ol>\n<p>Gesti\u00f3 log\u00edstica, comercial, administrativa, comptable i fiscal, aix\u00ed com enviar-li comunicacions comercials sobre els nostres serveis.<\/p>\n<ol start=\"3\">\n<li><strong>Per quant de temps conservarem les seves dades?<br \/><\/strong><\/li>\n<\/ol>\n<p>Durant\u00a05\u00a0anys o fins a la fi de l&#8217;\u00fas pel qual van ser recollides.<\/p>\n<ol start=\"4\">\n<li><strong>Quina \u00e9s la legitimaci\u00f3 per al tractament de les seves dades?<br \/><\/strong><\/li>\n<\/ol>\n<p>Consentiment de l&#8217;interessat i execuci\u00f3 d&#8217;un contracte.<\/p>\n<ol start=\"5\">\n<li><strong>A qu\u00e8 destinataris es comunicaran les seves dades?<\/strong><\/li>\n<\/ol>\n<p>Les dades es comunicaran als seg\u00fcents destinataris:<\/p>\n<ul>\n<li>Terceres empreses per complir, amb la finalitat anteriorment descrita.<\/li>\n<\/ul>\n<ol start=\"6\">\n<li><strong>Transfer\u00e8ncies\u00a0de dades a tercers pa\u00efsos<\/strong><\/li>\n<\/ol>\n<p>No estan previstes transfer\u00e8ncies de dades a tercers pa\u00efsos.<\/p>\n<ol start=\"7\">\n<li><strong>Quins s\u00f3n els seus drets quan ens facilita les seves dades?<br \/><\/strong><\/li>\n<\/ol>\n<p>Qualsevol persona t\u00e9 dret a obtenir confirmaci\u00f3 sobre si en TOUR, SA estem tractant, o no, dades personals que els concerneixin.<\/p>\n<p>Les persones interessades tenen dret a accedir a les seves dades personals, aix\u00ed com a sol\u00b7licitar la rectificaci\u00f3 de les dades inexactes o, si escau, sol\u00b7licitar la seva supressi\u00f3 quan, entre altres motius, les dades ja no siguin necessaris per als fins que van ser recollides. Igualment t\u00e9 dret a la portabilitat de les seves dades.<\/p>\n<p>En determinades circumst\u00e0ncies, els interessats podran sol\u00b7licitar la limitaci\u00f3 del\u00a0tractament\u00a0de les seves dades, en aquest cas \u00fanicament els conservarem per a l&#8217;exercici o la defensa de reclamacions.<\/p>\n<p>En determinades circumst\u00e0ncies i per motius relacionats amb la seva situaci\u00f3 particular, els interessats podran oposar-se al tractament de les seves dades. En aquest cas, TOUR, SA deixar\u00e0 de tractar les dades, excepte per motius leg\u00edtims imperiosos, o l&#8217;exercici o la defensa de possibles reclamacions.<\/p>\n<p>Quan es realitzi l&#8217;enviament de comunicacions comercials utilitzant com a base jur\u00eddica l&#8217;inter\u00e8s leg\u00edtim del responsable, l&#8217;interessat podr\u00e0 oposar-se al tractament de les seves dades amb aquesta finalitat.<\/p>\n<p>Si ha atorgat el seu consentiment per a alguna finalitat concreta, t\u00e9 dret a retirar el consentiment atorgat en qualsevol moment, sense que aix\u00f2 afecti la licitud del\u00a0tractament\u00a0basat en el consentiment previ a la seva retirada.<\/p>\n<p>En cas que senti vulnerats els seus drets pel que fa a la protecci\u00f3 de les seves dades personals, especialment quan no hagi obtingut satisfacci\u00f3 en l&#8217;exercici dels seus drets, pot presentar una reclamaci\u00f3 davant l&#8217;Autoritat de Control en mat\u00e8ria de protecci\u00f3 de dades competent a trav\u00e9s del seu lloc web: www.agpd.es.<\/p>\n<ol start=\"8\">\n<li><strong>Com hem obtingut les seves dades?<\/strong><\/li>\n<\/ol>\n<p>Les dades personals que tractem en TOUR, SA procedeixen de: El propi interessat.<\/p>\n<p>&nbsp;<\/p>\n<p>&nbsp;<\/p>\n<p>[\/et_pb_text][\/et_pb_column][\/et_pb_row][\/et_pb_section]<\/p>\n","protected":false},"excerpt":{"rendered":"<p>[et_pb_section fb_built=&#8221;1&#8243; _builder_version=&#8221;3.22&#8243;][et_pb_row _builder_version=&#8221;3.25&#8243; background_size=&#8221;initial&#8221; background_position=&#8221;top_left&#8221; background_repeat=&#8221;repeat&#8221;][et_pb_column type=&#8221;4_4&#8243; _builder_version=&#8221;3.25&#8243; custom_padding=&#8221;|||&#8221; custom_padding__hover=&#8221;|||&#8221;][et_pb_text _builder_version=&#8221;4.0.9&#8243; background_size=&#8221;initial&#8221; background_position=&#8221;top_left&#8221; background_repeat=&#8221;repeat&#8221; text_orientation=&#8221;center&#8221; module_alignment=&#8221;center&#8221; use_border_color=&#8221;off&#8221; border_color=&#8221;#ffffff&#8221; border_style=&#8221;solid&#8221;] Pol\u00edtica de Privacitat [\/et_pb_text][et_pb_text _builder_version=&#8221;4.0.9&#8243; background_size=&#8221;initial&#8221; background_position=&#8221;top_left&#8221; background_repeat=&#8221;repeat&#8221; use_border_color=&#8221;off&#8221;] En TOUR, SA ens preocupem per la privacitat i la transpar\u00e8ncia.A continuaci\u00f3, us expliquem en detall els tractaments de dades personals que realitzem, aix\u00ed com tota [&hellip;]<\/p>\n","protected":false},"author":1,"featured_media":3523,"parent":0,"menu_order":0,"comment_status":"closed","ping_status":"closed","template":"","meta":{"_et_pb_use_builder":"on","_et_pb_old_content":"","_et_gb_content_width":""},"yoast_head":"<!-- This site is optimized with the Yoast SEO plugin v18.4.1 - https:\/\/yoast.com\/wordpress\/plugins\/seo\/ -->\n<title>Pol\u00edtica de Privacitat de la web de Tour SA missatgers<\/title>\n<meta name=\"description\" content=\"Pol\u00edtica de privacitat del web de l&#039;empresa de missatgeria i log\u00edstica Tour SA. Volem ser transparents amb tots vosaltres.\" \/>\n<meta name=\"robots\" content=\"index, follow, max-snippet:-1, max-image-preview:large, max-video-preview:-1\" \/>\n<link rel=\"canonical\" href=\"https:\/\/www.tour-sa.com\/ca\/politica-de-privacitat\/\" \/>\n<meta property=\"og:locale\" content=\"ca_ES\" \/>\n<meta property=\"og:type\" content=\"article\" \/>\n<meta property=\"og:title\" content=\"Pol\u00edtica de Privacitat de la web de Tour SA missatgers\" \/>\n<meta property=\"og:description\" content=\"Pol\u00edtica de privacitat del web de l&#039;empresa de missatgeria i log\u00edstica Tour SA. Volem ser transparents amb tots vosaltres.\" \/>\n<meta property=\"og:url\" content=\"https:\/\/www.tour-sa.com\/ca\/politica-de-privacitat\/\" \/>\n<meta property=\"og:site_name\" content=\"Tour SA\" \/>\n<meta property=\"article:modified_time\" content=\"2020-02-26T16:15:28+00:00\" \/>\n<meta property=\"og:image\" content=\"https:\/\/www.tour-sa.com\/wp-content\/uploads\/2020\/02\/politica-privacitat.jpg\" \/>\n\t<meta property=\"og:image:width\" content=\"1200\" \/>\n\t<meta property=\"og:image:height\" content=\"628\" \/>\n\t<meta property=\"og:image:type\" content=\"image\/jpeg\" \/>\n<meta name=\"twitter:card\" content=\"summary\" \/>\n<meta name=\"twitter:title\" content=\"Pol\u00edtica de Privacitat de la web de Tour SA missatgers\" \/>\n<meta name=\"twitter:description\" content=\"Pol\u00edtica de privacitat del web de l&#039;empresa de missatgeria i log\u00edstica Tour SA. Volem ser transparents amb tots vosaltres.\" \/>\n<meta name=\"twitter:image\" content=\"https:\/\/www.tour-sa.com\/wp-content\/uploads\/2020\/02\/politica-privacitat.jpg\" \/>\n<meta name=\"twitter:label1\" content=\"Temps estimat de lectura\" \/>\n\t<meta name=\"twitter:data1\" content=\"3 minuts\" \/>\n<script type=\"application\/ld+json\" class=\"yoast-schema-graph\">{\"@context\":\"https:\/\/schema.org\",\"@graph\":[{\"@type\":\"Organization\",\"@id\":\"https:\/\/www.tour-sa.com\/#organization\",\"name\":\"Tour SA\",\"url\":\"https:\/\/www.tour-sa.com\/\",\"sameAs\":[],\"logo\":{\"@type\":\"ImageObject\",\"@id\":\"https:\/\/www.tour-sa.com\/#logo\",\"inLanguage\":\"ca\",\"url\":\"\",\"contentUrl\":\"\",\"caption\":\"Tour SA\"},\"image\":{\"@id\":\"https:\/\/www.tour-sa.com\/#logo\"}},{\"@type\":\"WebSite\",\"@id\":\"https:\/\/www.tour-sa.com\/#website\",\"url\":\"https:\/\/www.tour-sa.com\/\",\"name\":\"Tour SA\",\"description\":\"Missatgeria urgent, transport, log\u00edstica i distribuci\u00f3\",\"publisher\":{\"@id\":\"https:\/\/www.tour-sa.com\/#organization\"},\"potentialAction\":[{\"@type\":\"SearchAction\",\"target\":{\"@type\":\"EntryPoint\",\"urlTemplate\":\"https:\/\/www.tour-sa.com\/?s={search_term_string}\"},\"query-input\":\"required name=search_term_string\"}],\"inLanguage\":\"ca\"},{\"@type\":\"ImageObject\",\"@id\":\"https:\/\/www.tour-sa.com\/ca\/politica-de-privacitat\/#primaryimage\",\"inLanguage\":\"ca\",\"url\":\"https:\/\/www.tour-sa.com\/wp-content\/uploads\/2020\/02\/politica-privacitat.jpg\",\"contentUrl\":\"https:\/\/www.tour-sa.com\/wp-content\/uploads\/2020\/02\/politica-privacitat.jpg\",\"width\":1200,\"height\":628,\"caption\":\"pol\u00edtica de privacitat\"},{\"@type\":\"WebPage\",\"@id\":\"https:\/\/www.tour-sa.com\/ca\/politica-de-privacitat\/#webpage\",\"url\":\"https:\/\/www.tour-sa.com\/ca\/politica-de-privacitat\/\",\"name\":\"Pol\u00edtica de Privacitat de la web de Tour SA missatgers\",\"isPartOf\":{\"@id\":\"https:\/\/www.tour-sa.com\/#website\"},\"primaryImageOfPage\":{\"@id\":\"https:\/\/www.tour-sa.com\/ca\/politica-de-privacitat\/#primaryimage\"},\"datePublished\":\"2017-06-07T11:48:16+00:00\",\"dateModified\":\"2020-02-26T16:15:28+00:00\",\"description\":\"Pol\u00edtica de privacitat del web de l'empresa de missatgeria i log\u00edstica Tour SA. Volem ser transparents amb tots vosaltres.\",\"breadcrumb\":{\"@id\":\"https:\/\/www.tour-sa.com\/ca\/politica-de-privacitat\/#breadcrumb\"},\"inLanguage\":\"ca\",\"potentialAction\":[{\"@type\":\"ReadAction\",\"target\":[\"https:\/\/www.tour-sa.com\/ca\/politica-de-privacitat\/\"]}]},{\"@type\":\"BreadcrumbList\",\"@id\":\"https:\/\/www.tour-sa.com\/ca\/politica-de-privacitat\/#breadcrumb\",\"itemListElement\":[{\"@type\":\"ListItem\",\"position\":1,\"name\":\"Portada\",\"item\":\"https:\/\/www.tour-sa.com\/ca\/\"},{\"@type\":\"ListItem\",\"position\":2,\"name\":\"Politica de Privacitat\"}]}]}<\/script>\n<!-- \/ Yoast SEO plugin. -->","yoast_head_json":{"title":"Pol\u00edtica de Privacitat de la web de Tour SA missatgers","description":"Pol\u00edtica de privacitat del web de l'empresa de missatgeria i log\u00edstica Tour SA. Volem ser transparents amb tots vosaltres.","robots":{"index":"index","follow":"follow","max-snippet":"max-snippet:-1","max-image-preview":"max-image-preview:large","max-video-preview":"max-video-preview:-1"},"canonical":"https:\/\/www.tour-sa.com\/ca\/politica-de-privacitat\/","og_locale":"ca_ES","og_type":"article","og_title":"Pol\u00edtica de Privacitat de la web de Tour SA missatgers","og_description":"Pol\u00edtica de privacitat del web de l'empresa de missatgeria i log\u00edstica Tour SA. Volem ser transparents amb tots vosaltres.","og_url":"https:\/\/www.tour-sa.com\/ca\/politica-de-privacitat\/","og_site_name":"Tour SA","article_modified_time":"2020-02-26T16:15:28+00:00","og_image":[{"width":1200,"height":628,"url":"https:\/\/www.tour-sa.com\/wp-content\/uploads\/2020\/02\/politica-privacitat.jpg","type":"image\/jpeg"}],"twitter_card":"summary","twitter_title":"Pol\u00edtica de Privacitat de la web de Tour SA missatgers","twitter_description":"Pol\u00edtica de privacitat del web de l'empresa de missatgeria i log\u00edstica Tour SA. Volem ser transparents amb tots vosaltres.","twitter_image":"https:\/\/www.tour-sa.com\/wp-content\/uploads\/2020\/02\/politica-privacitat.jpg","twitter_misc":{"Temps estimat de lectura":"3 minuts"},"schema":{"@context":"https:\/\/schema.org","@graph":[{"@type":"Organization","@id":"https:\/\/www.tour-sa.com\/#organization","name":"Tour SA","url":"https:\/\/www.tour-sa.com\/","sameAs":[],"logo":{"@type":"ImageObject","@id":"https:\/\/www.tour-sa.com\/#logo","inLanguage":"ca","url":"","contentUrl":"","caption":"Tour SA"},"image":{"@id":"https:\/\/www.tour-sa.com\/#logo"}},{"@type":"WebSite","@id":"https:\/\/www.tour-sa.com\/#website","url":"https:\/\/www.tour-sa.com\/","name":"Tour SA","description":"Missatgeria urgent, transport, log\u00edstica i distribuci\u00f3","publisher":{"@id":"https:\/\/www.tour-sa.com\/#organization"},"potentialAction":[{"@type":"SearchAction","target":{"@type":"EntryPoint","urlTemplate":"https:\/\/www.tour-sa.com\/?s={search_term_string}"},"query-input":"required name=search_term_string"}],"inLanguage":"ca"},{"@type":"ImageObject","@id":"https:\/\/www.tour-sa.com\/ca\/politica-de-privacitat\/#primaryimage","inLanguage":"ca","url":"https:\/\/www.tour-sa.com\/wp-content\/uploads\/2020\/02\/politica-privacitat.jpg","contentUrl":"https:\/\/www.tour-sa.com\/wp-content\/uploads\/2020\/02\/politica-privacitat.jpg","width":1200,"height":628,"caption":"pol\u00edtica de privacitat"},{"@type":"WebPage","@id":"https:\/\/www.tour-sa.com\/ca\/politica-de-privacitat\/#webpage","url":"https:\/\/www.tour-sa.com\/ca\/politica-de-privacitat\/","name":"Pol\u00edtica de Privacitat de la web de Tour SA missatgers","isPartOf":{"@id":"https:\/\/www.tour-sa.com\/#website"},"primaryImageOfPage":{"@id":"https:\/\/www.tour-sa.com\/ca\/politica-de-privacitat\/#primaryimage"},"datePublished":"2017-06-07T11:48:16+00:00","dateModified":"2020-02-26T16:15:28+00:00","description":"Pol\u00edtica de privacitat del web de l'empresa de missatgeria i log\u00edstica Tour SA. Volem ser transparents amb tots vosaltres.","breadcrumb":{"@id":"https:\/\/www.tour-sa.com\/ca\/politica-de-privacitat\/#breadcrumb"},"inLanguage":"ca","potentialAction":[{"@type":"ReadAction","target":["https:\/\/www.tour-sa.com\/ca\/politica-de-privacitat\/"]}]},{"@type":"BreadcrumbList","@id":"https:\/\/www.tour-sa.com\/ca\/politica-de-privacitat\/#breadcrumb","itemListElement":[{"@type":"ListItem","position":1,"name":"Portada","item":"https:\/\/www.tour-sa.com\/ca\/"},{"@type":"ListItem","position":2,"name":"Politica de Privacitat"}]}]}},"_links":{"self":[{"href":"https:\/\/www.tour-sa.com\/ca\/wp-json\/wp\/v2\/pages\/2432"}],"collection":[{"href":"https:\/\/www.tour-sa.com\/ca\/wp-json\/wp\/v2\/pages"}],"about":[{"href":"https:\/\/www.tour-sa.com\/ca\/wp-json\/wp\/v2\/types\/page"}],"author":[{"embeddable":true,"href":"https:\/\/www.tour-sa.com\/ca\/wp-json\/wp\/v2\/users\/1"}],"replies":[{"embeddable":true,"href":"https:\/\/www.tour-sa.com\/ca\/wp-json\/wp\/v2\/comments?post=2432"}],"version-history":[{"count":0,"href":"https:\/\/www.tour-sa.com\/ca\/wp-json\/wp\/v2\/pages\/2432\/revisions"}],"wp:featuredmedia":[{"embeddable":true,"href":"https:\/\/www.tour-sa.com\/ca\/wp-json\/wp\/v2\/media\/3523"}],"wp:attachment":[{"href":"https:\/\/www.tour-sa.com\/ca\/wp-json\/wp\/v2\/media?parent=2432"}],"curies":[{"name":"wp","href":"https:\/\/api.w.org\/{rel}","templated":true}]}}